{"id":1620,"date":"2023-09-22T08:35:15","date_gmt":"2023-09-22T12:35:15","guid":{"rendered":"https:\/\/internationalfloors.ca\/hardwood-floor-sanding\/"},"modified":"2025-03-11T14:11:20","modified_gmt":"2025-03-11T18:11:20","slug":"sablage-plancher-bois-franc","status":"publish","type":"page","link":"https:\/\/internationalfloors.ca\/fr\/sablage-plancher-bois-franc\/","title":{"rendered":"Sablage"},"content":{"rendered":"\t\t<div data-elementor-type=\"wp-page\" data-elementor-id=\"1620\" class=\"elementor elementor-1620\">\n\t\t\t\t\t\t<section class=\"elementor-section elementor-top-section elementor-element elementor-element-b48b683 elementor-section-height-min-height elementor-section-boxed elementor-section-height-default elementor-section-items-middle\" data-id=\"b48b683\" data-element_type=\"section\" data-settings=\"{&quot;background_background&quot;:&quot;classic&quot;}\">\n\t\t\t\t\t\t\t<div class=\"elementor-background-overlay\"><\/div>\n\t\t\t\t\t\t\t<div class=\"elementor-container elementor-column-gap-default\">\n\t\t\t\t\t<div class=\"elementor-column elementor-col-100 elementor-top-column elementor-element elementor-element-b0f9636\" data-id=\"b0f9636\" data-element_type=\"column\">\n\t\t\t<div class=\"elementor-widget-wrap elementor-element-populated\">\n\t\t\t\t\t\t<div class=\"elementor-element elementor-element-b938bc9 elementor-widget elementor-widget-heading\" data-id=\"b938bc9\" data-element_type=\"widget\" data-widget_type=\"heading.default\">\n\t\t\t\t<div class=\"elementor-widget-container\">\n\t\t\t\t\t<h1 class=\"elementor-heading-title elementor-size-default\">Sablage de plancher de bois franc dans la r\u00e9gion de Montr\u00e9al<\/h1>\t\t\t\t<\/div>\n\t\t\t\t<\/div>\n\t\t\t\t<div class=\"elementor-element elementor-element-8ede285 elementor-widget__width-auto elementor-widget elementor-widget-button\" data-id=\"8ede285\" data-element_type=\"widget\" data-widget_type=\"button.default\">\n\t\t\t\t<div class=\"elementor-widget-container\">\n\t\t\t\t\t\t\t\t\t<div class=\"elementor-button-wrapper\">\n\t\t\t\t\t<a class=\"elementor-button elementor-button-link elementor-size-sm\" href=\"\/fr\/contact-finition-plancher-bois-montreal\/\">\n\t\t\t\t\t\t<span class=\"elementor-button-content-wrapper\">\n\t\t\t\t\t\t\t\t\t<span class=\"elementor-button-text\">Demander une soumission<\/span>\n\t\t\t\t\t<\/span>\n\t\t\t\t\t<\/a>\n\t\t\t\t<\/div>\n\t\t\t\t\t\t\t\t<\/div>\n\t\t\t\t<\/div>\n\t\t\t\t\t<\/div>\n\t\t<\/div>\n\t\t\t\t\t<\/div>\n\t\t<\/section>\n\t\t\t\t<section class=\"elementor-section elementor-top-section elementor-element elementor-element-9d474c9 elementor-section-boxed elementor-section-height-default elementor-section-height-default\" data-id=\"9d474c9\" data-element_type=\"section\">\n\t\t\t\t\t\t<div class=\"elementor-container elementor-column-gap-default\">\n\t\t\t\t\t<div class=\"elementor-column elementor-col-50 elementor-top-column elementor-element elementor-element-a78e731\" data-id=\"a78e731\" data-element_type=\"column\">\n\t\t\t<div class=\"elementor-widget-wrap elementor-element-populated\">\n\t\t\t\t\t\t<div class=\"elementor-element elementor-element-c6ec63e elementor-widget elementor-widget-heading\" data-id=\"c6ec63e\" data-element_type=\"widget\" data-widget_type=\"heading.default\">\n\t\t\t\t<div class=\"elementor-widget-container\">\n\t\t\t\t\t<h2 class=\"elementor-heading-title elementor-size-default\"><span style=\"font-size:120%;color:#000\">LES<\/span> professionnels du sablage de planchers sans poussi\u00e8re<\/h2>\t\t\t\t<\/div>\n\t\t\t\t<\/div>\n\t\t\t\t<div class=\"elementor-element elementor-element-26fcd2d elementor-widget elementor-widget-text-editor\" data-id=\"26fcd2d\" data-element_type=\"widget\" data-widget_type=\"text-editor.default\">\n\t\t\t\t<div class=\"elementor-widget-container\">\n\t\t\t\t\t\t\t\t\t<p><span style=\"font-weight: 400;\">Chez Planchers International, nous proposons des services de <a href=\"\/fr\/reparation-plancher-bois\/\">r\u00e9paration de planchers endommag\u00e9s<\/a>, escaliers ou parquets avant l&rsquo;intervention de notre \u00e9quipe de <strong>sablage de plancher de bois franc<\/strong>, qui utilise des machines de sablage de pointe ainsi que des m\u00e9thodes de r\u00e9novation traditionnelles. Notre sableuse \u00e0 planchers professionnelle r\u00e9cup\u00e8re 97% des poussi\u00e8res \u00e9mises lors du pon\u00e7age de vos sols. Votre plancher retrouvera son \u00e9tat de bois franc d&rsquo;origine.<\/span><\/p><p><span style=\"font-weight: 400;\">Nous proc\u00e9dons ensuite \u00e0 la <\/span><a href=\"\/fr\/teinture-vernis-planchers-bois\/\"><span style=\"font -poids: 400;\">teinture et au vernissage du plancher<\/span><\/a><span style=\"font-weight: 400;\">. Ce processus n\u00e9cessite une attention aux d\u00e9tails, du soin et une connaissance de la fa\u00e7on dont une m\u00e9thode de sablage correcte affectera l&rsquo;apparence et la sensation finies de votre plancher de bois franc.<\/span><\/p>\t\t\t\t\t\t\t\t<\/div>\n\t\t\t\t<\/div>\n\t\t\t\t\t<\/div>\n\t\t<\/div>\n\t\t\t\t<div class=\"elementor-column elementor-col-50 elementor-top-column elementor-element elementor-element-c5c3076\" data-id=\"c5c3076\" data-element_type=\"column\">\n\t\t\t<div class=\"elementor-widget-wrap elementor-element-populated\">\n\t\t\t\t\t\t<div class=\"elementor-element elementor-element-5358066 elementor-widget-tablet__width-initial elementor-widget-mobile__width-inherit elementor-widget elementor-widget-image\" data-id=\"5358066\" data-element_type=\"widget\" data-widget_type=\"image.default\">\n\t\t\t\t<div class=\"elementor-widget-container\">\n\t\t\t\t\t\t\t\t\t\t\t\t\t\t\t<img decoding=\"async\" src=\"https:\/\/internationalfloors.ca\/wp-content\/uploads\/elementor\/thumbs\/floor-sanding-qfopltsvm93jn77nlj6ql2cqy2qq07kppofywwfqkw.jpg\" title=\"hardwood floor sanding\" alt=\"hardwood floor sanding\" loading=\"lazy\" \/>\t\t\t\t\t\t\t\t\t\t\t\t\t\t\t<\/div>\n\t\t\t\t<\/div>\n\t\t\t\t\t<\/div>\n\t\t<\/div>\n\t\t\t\t\t<\/div>\n\t\t<\/section>\n\t\t\t\t<section class=\"elementor-section elementor-top-section elementor-element elementor-element-675aef5 elementor-section-height-min-height elementor-section-boxed elementor-section-height-default elementor-section-items-middle\" data-id=\"675aef5\" data-element_type=\"section\" data-settings=\"{&quot;background_background&quot;:&quot;classic&quot;}\">\n\t\t\t\t\t\t<div class=\"elementor-container elementor-column-gap-default\">\n\t\t\t\t\t<div class=\"elementor-column elementor-col-50 elementor-top-column elementor-element elementor-element-b053fe0\" data-id=\"b053fe0\" data-element_type=\"column\" data-settings=\"{&quot;background_background&quot;:&quot;classic&quot;}\">\n\t\t\t<div class=\"elementor-widget-wrap elementor-element-populated\">\n\t\t\t\t\t\t<div class=\"elementor-element elementor-element-2aea11d elementor-widget elementor-widget-heading\" data-id=\"2aea11d\" data-element_type=\"widget\" data-widget_type=\"heading.default\">\n\t\t\t\t<div class=\"elementor-widget-container\">\n\t\t\t\t\t<h2 class=\"elementor-heading-title elementor-size-default\">Finition professionnelle de parquet\u2026 et plus encore<\/h2>\t\t\t\t<\/div>\n\t\t\t\t<\/div>\n\t\t\t\t<div class=\"elementor-element elementor-element-f32a175 elementor-widget elementor-widget-text-editor\" data-id=\"f32a175\" data-element_type=\"widget\" data-widget_type=\"text-editor.default\">\n\t\t\t\t<div class=\"elementor-widget-container\">\n\t\t\t\t\t\t\t\t\t<p><span style=\"font-weight: 400;\">La plupart de nos projets concernent la <a href=\"\/fr\/finition-plancher\/\">finition de planchers<\/a>, du sablage au vernissage. Mais nous sommes \u00e9galement experts en manutention et en <a href=\"\/fr\/finition-teinture-escaliers\/\">sablage d&rsquo;escaliers<\/a>. <\/span><\/p>\t\t\t\t\t\t\t\t<\/div>\n\t\t\t\t<\/div>\n\t\t\t\t<div class=\"elementor-element elementor-element-e422ccd elementor-widget__width-auto elementor-widget elementor-widget-button\" data-id=\"e422ccd\" data-element_type=\"widget\" data-widget_type=\"button.default\">\n\t\t\t\t<div class=\"elementor-widget-container\">\n\t\t\t\t\t\t\t\t\t<div class=\"elementor-button-wrapper\">\n\t\t\t\t\t<a class=\"elementor-button elementor-button-link elementor-size-sm\" href=\"\/fr\/contact-finition-plancher-bois-montreal\/\">\n\t\t\t\t\t\t<span class=\"elementor-button-content-wrapper\">\n\t\t\t\t\t\t\t\t\t<span class=\"elementor-button-text\">Nous joindre<\/span>\n\t\t\t\t\t<\/span>\n\t\t\t\t\t<\/a>\n\t\t\t\t<\/div>\n\t\t\t\t\t\t\t\t<\/div>\n\t\t\t\t<\/div>\n\t\t\t\t\t<\/div>\n\t\t<\/div>\n\t\t\t\t<div class=\"elementor-column elementor-col-50 elementor-top-column elementor-element elementor-element-9ed728d\" data-id=\"9ed728d\" data-element_type=\"column\">\n\t\t\t<div class=\"elementor-widget-wrap\">\n\t\t\t\t\t\t\t<\/div>\n\t\t<\/div>\n\t\t\t\t\t<\/div>\n\t\t<\/section>\n\t\t\t\t<section class=\"elementor-section elementor-top-section elementor-element elementor-element-503136c elementor-section-boxed elementor-section-height-default elementor-section-height-default\" data-id=\"503136c\" data-element_type=\"section\">\n\t\t\t\t\t\t<div class=\"elementor-container elementor-column-gap-default\">\n\t\t\t\t\t<div class=\"elementor-column elementor-col-50 elementor-top-column elementor-element elementor-element-82449d6\" data-id=\"82449d6\" data-element_type=\"column\">\n\t\t\t<div class=\"elementor-widget-wrap elementor-element-populated\">\n\t\t\t\t\t\t<div class=\"elementor-element elementor-element-fee60c5 elementor-widget elementor-widget-heading\" data-id=\"fee60c5\" data-element_type=\"widget\" data-widget_type=\"heading.default\">\n\t\t\t\t<div class=\"elementor-widget-container\">\n\t\t\t\t\t<h2 class=\"elementor-heading-title elementor-size-default\">Planchers International<\/h2>\t\t\t\t<\/div>\n\t\t\t\t<\/div>\n\t\t\t\t<div class=\"elementor-element elementor-element-0161f4f elementor-widget elementor-widget-heading\" data-id=\"0161f4f\" data-element_type=\"widget\" data-widget_type=\"heading.default\">\n\t\t\t\t<div class=\"elementor-widget-container\">\n\t\t\t\t\t<h2 class=\"elementor-heading-title elementor-size-default\">Pourquoi devriez-vous faire appel \u00e0 des professionnels du sablage de placnehr?<\/h2>\t\t\t\t<\/div>\n\t\t\t\t<\/div>\n\t\t\t\t<div class=\"elementor-element elementor-element-8384b4f elementor-widget elementor-widget-text-editor\" data-id=\"8384b4f\" data-element_type=\"widget\" data-widget_type=\"text-editor.default\">\n\t\t\t\t<div class=\"elementor-widget-container\">\n\t\t\t\t\t\t\t\t\t<p>Le <strong>sablage d\u2019un plancher de bois franc<\/strong> est une alternative \u00e9conomique et \u00e9cologique au remplacement d\u2019un plancher us\u00e9 ou \u00e0 l\u2019allure fl\u00e9trie. Quand le sablage est bien r\u00e9alis\u00e9, par un professionnel d\u2019exp\u00e9rience, un plancher de bois franc massif ou usin\u00e9 peut \u00eatre sabl\u00e9 \u00e0 plusieurs reprises sans s\u2019ab\u00eemer, et retrouver chaque fois son \u00e9clat original.<\/p><p>Le sablage n\u2019est pas une mince affaire pour qui n\u2019a pas l\u2019\u00e9quipement n\u00e9cessaire ou l\u2019exp\u00e9rience de ce genre d\u2019op\u00e9ration. Comment savoir si le plancher n\u2019a pas \u00e9t\u00e9 ponc\u00e9 s\u00e9v\u00e8rement par un amateur auparavant et n\u2019est pas aminci au point de vous r\u00e9server de vilaines surprises? Nos sp\u00e9cialistes utilisent des outils et de l\u2019\u00e9quipement de pointe et poss\u00e8dent une expertise en r\u00e9fection de planchers de bois qui vous garantissent un r\u00e9sultat impeccable, sans mauvaises surprises.<\/p><p>Nos m\u00e9thodes de sablage \u00e9prouv\u00e9es limitent au maximum les r\u00e9sidus de poussi\u00e8re dans votre maison, pour un travail aussi propre qu\u2019efficace. Un sablage rigoureux est crucial pour l\u2019obtention d\u2019une finition impeccable de qualit\u00e9. Ne n\u00e9gligez pas cette \u00e9tape importante, confiez-la \u00e0 l\u2019\u00e9quipe de Planchers International.<\/p>\t\t\t\t\t\t\t\t<\/div>\n\t\t\t\t<\/div>\n\t\t\t\t<div class=\"elementor-element elementor-element-d9cf58d elementor-align-left elementor-mobile-align-center elementor-widget-mobile__width-inherit elementor-widget elementor-widget-button\" data-id=\"d9cf58d\" data-element_type=\"widget\" data-widget_type=\"button.default\">\n\t\t\t\t<div class=\"elementor-widget-container\">\n\t\t\t\t\t\t\t\t\t<div class=\"elementor-button-wrapper\">\n\t\t\t\t\t<a class=\"elementor-button elementor-button-link elementor-size-sm\" href=\"\/fr\/contact-finition-plancher-bois-montreal\/\">\n\t\t\t\t\t\t<span class=\"elementor-button-content-wrapper\">\n\t\t\t\t\t\t\t\t\t<span class=\"elementor-button-text\">Demander une soumission gratuite<\/span>\n\t\t\t\t\t<\/span>\n\t\t\t\t\t<\/a>\n\t\t\t\t<\/div>\n\t\t\t\t\t\t\t\t<\/div>\n\t\t\t\t<\/div>\n\t\t\t\t\t<\/div>\n\t\t<\/div>\n\t\t\t\t<div class=\"elementor-column elementor-col-50 elementor-top-column elementor-element elementor-element-46ccab8\" data-id=\"46ccab8\" data-element_type=\"column\">\n\t\t\t<div class=\"elementor-widget-wrap elementor-element-populated\">\n\t\t\t\t\t\t<div class=\"elementor-element elementor-element-8479008 elementor-widget-tablet__width-initial elementor-widget-mobile__width-inherit elementor-widget elementor-widget-image\" data-id=\"8479008\" data-element_type=\"widget\" data-widget_type=\"image.default\">\n\t\t\t\t<div class=\"elementor-widget-container\">\n\t\t\t\t\t\t\t\t\t\t\t\t\t\t\t<img decoding=\"async\" src=\"https:\/\/internationalfloors.ca\/wp-content\/uploads\/elementor\/thumbs\/floor-refinishing-ndg-qfopsl93rfgd7rfztn42onj2gnepil6dw5za4fo1ds.jpeg\" title=\"floor refinishing project in NDG, Montreal\" alt=\"floor refinishing project in NDG, Montreal\" loading=\"lazy\" \/>\t\t\t\t\t\t\t\t\t\t\t\t\t\t\t<\/div>\n\t\t\t\t<\/div>\n\t\t\t\t\t<\/div>\n\t\t<\/div>\n\t\t\t\t\t<\/div>\n\t\t<\/section>\n\t\t\t\t<\/div>\n\t\t","protected":false},"excerpt":{"rendered":"<p>Sablage de plancher de bois franc dans la r\u00e9gion de Montr\u00e9al Demander une soumission LES professionnels du sablage de planchers sans poussi\u00e8re Chez Planchers International, nous proposons des services de r\u00e9paration de planchers endommag\u00e9s, escaliers ou parquets avant l&rsquo;intervention de notre \u00e9quipe de sablage de plancher de bois franc, qui utilise des machines de sablage [&hellip;]<\/p>\n","protected":false},"author":2,"featured_media":0,"parent":0,"menu_order":0,"comment_status":"closed","ping_status":"closed","template":"elementor_header_footer","meta":{"_acf_changed":false,"footnotes":""},"class_list":["post-1620","page","type-page","status-publish","hentry"],"acf":[],"yoast_head":"<!-- This site is optimized with the Yoast SEO plugin v27.4 - https:\/\/yoast.com\/product\/yoast-seo-wordpress\/ -->\n<title>Sablage Plancher | Montr\u00e9al et environs | Planchers International<\/title>\n<meta name=\"description\" content=\"Nous offrons des services de sablage de planchers de bois franc \u00e0 Montr\u00e9al et les environs. Contactez-nous pour un travail professionnel!\" \/>\n<meta name=\"robots\" content=\"index, follow, max-snippet:-1, max-image-preview:large, max-video-preview:-1\" \/>\n<link rel=\"canonical\" href=\"https:\/\/internationalfloors.ca\/fr\/sablage-plancher-bois-franc\/\" \/>\n<meta property=\"og:locale\" content=\"fr_CA\" \/>\n<meta property=\"og:type\" content=\"article\" \/>\n<meta property=\"og:title\" content=\"Sablage Plancher | Montr\u00e9al et environs | Planchers International\" \/>\n<meta property=\"og:description\" content=\"Nous offrons des services de sablage de planchers de bois franc \u00e0 Montr\u00e9al et les environs. Contactez-nous pour un travail professionnel!\" \/>\n<meta property=\"og:url\" content=\"https:\/\/internationalfloors.ca\/fr\/sablage-plancher-bois-franc\/\" \/>\n<meta property=\"og:site_name\" content=\"International Floors\" \/>\n<meta property=\"article:modified_time\" content=\"2025-03-11T18:11:20+00:00\" \/>\n<meta property=\"og:image\" content=\"https:\/\/internationalfloors.ca\/wp-content\/uploads\/elementor\/thumbs\/floor-sanding-qboos4ieua91ho4o4fyc3h6a0730o7bbvmknf1qq8g.jpg\" \/>\n<meta name=\"twitter:card\" content=\"summary_large_image\" \/>\n<meta name=\"twitter:label1\" content=\"Estimation du temps de lecture\" \/>\n\t<meta name=\"twitter:data1\" content=\"2 minutes\" \/>\n<script type=\"application\/ld+json\" class=\"yoast-schema-graph\">{\"@context\":\"https:\\\/\\\/schema.org\",\"@graph\":[{\"@type\":\"WebPage\",\"@id\":\"https:\\\/\\\/internationalfloors.ca\\\/fr\\\/sablage-plancher-bois-franc\\\/\",\"url\":\"https:\\\/\\\/internationalfloors.ca\\\/fr\\\/sablage-plancher-bois-franc\\\/\",\"name\":\"Sablage Plancher | Montr\u00e9al et environs | Planchers International\",\"isPartOf\":{\"@id\":\"https:\\\/\\\/internationalfloors.ca\\\/fr\\\/#website\"},\"primaryImageOfPage\":{\"@id\":\"https:\\\/\\\/internationalfloors.ca\\\/fr\\\/sablage-plancher-bois-franc\\\/#primaryimage\"},\"image\":{\"@id\":\"https:\\\/\\\/internationalfloors.ca\\\/fr\\\/sablage-plancher-bois-franc\\\/#primaryimage\"},\"thumbnailUrl\":\"https:\\\/\\\/internationalfloors.ca\\\/wp-content\\\/uploads\\\/elementor\\\/thumbs\\\/floor-sanding-qboos4ieua91ho4o4fyc3h6a0730o7bbvmknf1qq8g.jpg\",\"datePublished\":\"2023-09-22T12:35:15+00:00\",\"dateModified\":\"2025-03-11T18:11:20+00:00\",\"description\":\"Nous offrons des services de sablage de planchers de bois franc \u00e0 Montr\u00e9al et les environs. Contactez-nous pour un travail professionnel!\",\"breadcrumb\":{\"@id\":\"https:\\\/\\\/internationalfloors.ca\\\/fr\\\/sablage-plancher-bois-franc\\\/#breadcrumb\"},\"inLanguage\":\"fr-CA\",\"potentialAction\":[{\"@type\":\"ReadAction\",\"target\":[\"https:\\\/\\\/internationalfloors.ca\\\/fr\\\/sablage-plancher-bois-franc\\\/\"]}]},{\"@type\":\"ImageObject\",\"inLanguage\":\"fr-CA\",\"@id\":\"https:\\\/\\\/internationalfloors.ca\\\/fr\\\/sablage-plancher-bois-franc\\\/#primaryimage\",\"url\":\"https:\\\/\\\/internationalfloors.ca\\\/wp-content\\\/uploads\\\/elementor\\\/thumbs\\\/floor-sanding-qboos4ieua91ho4o4fyc3h6a0730o7bbvmknf1qq8g.jpg\",\"contentUrl\":\"https:\\\/\\\/internationalfloors.ca\\\/wp-content\\\/uploads\\\/elementor\\\/thumbs\\\/floor-sanding-qboos4ieua91ho4o4fyc3h6a0730o7bbvmknf1qq8g.jpg\"},{\"@type\":\"BreadcrumbList\",\"@id\":\"https:\\\/\\\/internationalfloors.ca\\\/fr\\\/sablage-plancher-bois-franc\\\/#breadcrumb\",\"itemListElement\":[{\"@type\":\"ListItem\",\"position\":1,\"name\":\"Home\",\"item\":\"https:\\\/\\\/internationalfloors.ca\\\/fr\\\/\"},{\"@type\":\"ListItem\",\"position\":2,\"name\":\"Sablage\"}]},{\"@type\":\"WebSite\",\"@id\":\"https:\\\/\\\/internationalfloors.ca\\\/fr\\\/#website\",\"url\":\"https:\\\/\\\/internationalfloors.ca\\\/fr\\\/\",\"name\":\"International Floors\",\"description\":\"\",\"potentialAction\":[{\"@type\":\"SearchAction\",\"target\":{\"@type\":\"EntryPoint\",\"urlTemplate\":\"https:\\\/\\\/internationalfloors.ca\\\/fr\\\/?s={search_term_string}\"},\"query-input\":{\"@type\":\"PropertyValueSpecification\",\"valueRequired\":true,\"valueName\":\"search_term_string\"}}],\"inLanguage\":\"fr-CA\"}]}<\/script>\n<!-- \/ Yoast SEO plugin. -->","yoast_head_json":{"title":"Sablage Plancher | Montr\u00e9al et environs | Planchers International","description":"Nous offrons des services de sablage de planchers de bois franc \u00e0 Montr\u00e9al et les environs. Contactez-nous pour un travail professionnel!","robots":{"index":"index","follow":"follow","max-snippet":"max-snippet:-1","max-image-preview":"max-image-preview:large","max-video-preview":"max-video-preview:-1"},"canonical":"https:\/\/internationalfloors.ca\/fr\/sablage-plancher-bois-franc\/","og_locale":"fr_CA","og_type":"article","og_title":"Sablage Plancher | Montr\u00e9al et environs | Planchers International","og_description":"Nous offrons des services de sablage de planchers de bois franc \u00e0 Montr\u00e9al et les environs. Contactez-nous pour un travail professionnel!","og_url":"https:\/\/internationalfloors.ca\/fr\/sablage-plancher-bois-franc\/","og_site_name":"International Floors","article_modified_time":"2025-03-11T18:11:20+00:00","og_image":[{"url":"https:\/\/internationalfloors.ca\/wp-content\/uploads\/elementor\/thumbs\/floor-sanding-qboos4ieua91ho4o4fyc3h6a0730o7bbvmknf1qq8g.jpg","type":"","width":"","height":""}],"twitter_card":"summary_large_image","twitter_misc":{"Estimation du temps de lecture":"2 minutes"},"schema":{"@context":"https:\/\/schema.org","@graph":[{"@type":"WebPage","@id":"https:\/\/internationalfloors.ca\/fr\/sablage-plancher-bois-franc\/","url":"https:\/\/internationalfloors.ca\/fr\/sablage-plancher-bois-franc\/","name":"Sablage Plancher | Montr\u00e9al et environs | Planchers International","isPartOf":{"@id":"https:\/\/internationalfloors.ca\/fr\/#website"},"primaryImageOfPage":{"@id":"https:\/\/internationalfloors.ca\/fr\/sablage-plancher-bois-franc\/#primaryimage"},"image":{"@id":"https:\/\/internationalfloors.ca\/fr\/sablage-plancher-bois-franc\/#primaryimage"},"thumbnailUrl":"https:\/\/internationalfloors.ca\/wp-content\/uploads\/elementor\/thumbs\/floor-sanding-qboos4ieua91ho4o4fyc3h6a0730o7bbvmknf1qq8g.jpg","datePublished":"2023-09-22T12:35:15+00:00","dateModified":"2025-03-11T18:11:20+00:00","description":"Nous offrons des services de sablage de planchers de bois franc \u00e0 Montr\u00e9al et les environs. Contactez-nous pour un travail professionnel!","breadcrumb":{"@id":"https:\/\/internationalfloors.ca\/fr\/sablage-plancher-bois-franc\/#breadcrumb"},"inLanguage":"fr-CA","potentialAction":[{"@type":"ReadAction","target":["https:\/\/internationalfloors.ca\/fr\/sablage-plancher-bois-franc\/"]}]},{"@type":"ImageObject","inLanguage":"fr-CA","@id":"https:\/\/internationalfloors.ca\/fr\/sablage-plancher-bois-franc\/#primaryimage","url":"https:\/\/internationalfloors.ca\/wp-content\/uploads\/elementor\/thumbs\/floor-sanding-qboos4ieua91ho4o4fyc3h6a0730o7bbvmknf1qq8g.jpg","contentUrl":"https:\/\/internationalfloors.ca\/wp-content\/uploads\/elementor\/thumbs\/floor-sanding-qboos4ieua91ho4o4fyc3h6a0730o7bbvmknf1qq8g.jpg"},{"@type":"BreadcrumbList","@id":"https:\/\/internationalfloors.ca\/fr\/sablage-plancher-bois-franc\/#breadcrumb","itemListElement":[{"@type":"ListItem","position":1,"name":"Home","item":"https:\/\/internationalfloors.ca\/fr\/"},{"@type":"ListItem","position":2,"name":"Sablage"}]},{"@type":"WebSite","@id":"https:\/\/internationalfloors.ca\/fr\/#website","url":"https:\/\/internationalfloors.ca\/fr\/","name":"International Floors","description":"","potentialAction":[{"@type":"SearchAction","target":{"@type":"EntryPoint","urlTemplate":"https:\/\/internationalfloors.ca\/fr\/?s={search_term_string}"},"query-input":{"@type":"PropertyValueSpecification","valueRequired":true,"valueName":"search_term_string"}}],"inLanguage":"fr-CA"}]}},"_links":{"self":[{"href":"https:\/\/internationalfloors.ca\/fr\/wp-json\/wp\/v2\/pages\/1620","targetHints":{"allow":["GET"]}}],"collection":[{"href":"https:\/\/internationalfloors.ca\/fr\/wp-json\/wp\/v2\/pages"}],"about":[{"href":"https:\/\/internationalfloors.ca\/fr\/wp-json\/wp\/v2\/types\/page"}],"author":[{"embeddable":true,"href":"https:\/\/internationalfloors.ca\/fr\/wp-json\/wp\/v2\/users\/2"}],"replies":[{"embeddable":true,"href":"https:\/\/internationalfloors.ca\/fr\/wp-json\/wp\/v2\/comments?post=1620"}],"version-history":[{"count":6,"href":"https:\/\/internationalfloors.ca\/fr\/wp-json\/wp\/v2\/pages\/1620\/revisions"}],"predecessor-version":[{"id":1696,"href":"https:\/\/internationalfloors.ca\/fr\/wp-json\/wp\/v2\/pages\/1620\/revisions\/1696"}],"wp:attachment":[{"href":"https:\/\/internationalfloors.ca\/fr\/wp-json\/wp\/v2\/media?parent=1620"}],"curies":[{"name":"wp","href":"https:\/\/api.w.org\/{rel}","templated":true}]}}