{"id":1619,"date":"2023-09-28T12:54:40","date_gmt":"2023-09-28T16:54:40","guid":{"rendered":"https:\/\/internationalfloors.ca\/hardwood-floor-repair\/"},"modified":"2023-10-31T09:38:04","modified_gmt":"2023-10-31T13:38:04","slug":"reparation-plancher-bois","status":"publish","type":"page","link":"https:\/\/internationalfloors.ca\/fr\/reparation-plancher-bois\/","title":{"rendered":"R\u00e9paration"},"content":{"rendered":"\t\t<div data-elementor-type=\"wp-page\" data-elementor-id=\"1619\" class=\"elementor elementor-1619\">\n\t\t\t\t\t\t<section class=\"elementor-section elementor-top-section elementor-element elementor-element-b48b683 elementor-section-height-min-height elementor-section-boxed elementor-section-height-default elementor-section-items-middle\" data-id=\"b48b683\" data-element_type=\"section\" data-settings=\"{&quot;background_background&quot;:&quot;classic&quot;}\">\n\t\t\t\t\t\t\t<div class=\"elementor-background-overlay\"><\/div>\n\t\t\t\t\t\t\t<div class=\"elementor-container elementor-column-gap-default\">\n\t\t\t\t\t<div class=\"elementor-column elementor-col-100 elementor-top-column elementor-element elementor-element-b0f9636\" data-id=\"b0f9636\" data-element_type=\"column\">\n\t\t\t<div class=\"elementor-widget-wrap elementor-element-populated\">\n\t\t\t\t\t\t<div class=\"elementor-element elementor-element-b938bc9 elementor-widget elementor-widget-heading\" data-id=\"b938bc9\" data-element_type=\"widget\" data-widget_type=\"heading.default\">\n\t\t\t\t<div class=\"elementor-widget-container\">\n\t\t\t\t\t<h1 class=\"elementor-heading-title elementor-size-default\">R\u00e9paration de plancher de bois \u00e0 Montr\u00e9al et environs<\/h1>\t\t\t\t<\/div>\n\t\t\t\t<\/div>\n\t\t\t\t<div class=\"elementor-element elementor-element-8ede285 elementor-widget__width-auto elementor-widget elementor-widget-button\" data-id=\"8ede285\" data-element_type=\"widget\" data-widget_type=\"button.default\">\n\t\t\t\t<div class=\"elementor-widget-container\">\n\t\t\t\t\t\t\t\t\t<div class=\"elementor-button-wrapper\">\n\t\t\t\t\t<a class=\"elementor-button elementor-button-link elementor-size-sm\" href=\"\/fr\/contact-finition-plancher-bois-montreal\/\">\n\t\t\t\t\t\t<span class=\"elementor-button-content-wrapper\">\n\t\t\t\t\t\t\t\t\t<span class=\"elementor-button-text\">Demander une soumission<\/span>\n\t\t\t\t\t<\/span>\n\t\t\t\t\t<\/a>\n\t\t\t\t<\/div>\n\t\t\t\t\t\t\t\t<\/div>\n\t\t\t\t<\/div>\n\t\t\t\t\t<\/div>\n\t\t<\/div>\n\t\t\t\t\t<\/div>\n\t\t<\/section>\n\t\t\t\t<section class=\"elementor-section elementor-top-section elementor-element elementor-element-9d474c9 elementor-section-boxed elementor-section-height-default elementor-section-height-default\" data-id=\"9d474c9\" data-element_type=\"section\">\n\t\t\t\t\t\t<div class=\"elementor-container elementor-column-gap-default\">\n\t\t\t\t\t<div class=\"elementor-column elementor-col-50 elementor-top-column elementor-element elementor-element-a78e731\" data-id=\"a78e731\" data-element_type=\"column\">\n\t\t\t<div class=\"elementor-widget-wrap elementor-element-populated\">\n\t\t\t\t\t\t<div class=\"elementor-element elementor-element-c6ec63e elementor-widget elementor-widget-heading\" data-id=\"c6ec63e\" data-element_type=\"widget\" data-widget_type=\"heading.default\">\n\t\t\t\t<div class=\"elementor-widget-container\">\n\t\t\t\t\t<h2 class=\"elementor-heading-title elementor-size-default\">Une expertise in\u00e9gal\u00e9e en r\u00e9paration de rev\u00eatement de plancher de bois\n<\/h2>\t\t\t\t<\/div>\n\t\t\t\t<\/div>\n\t\t\t\t<div class=\"elementor-element elementor-element-26fcd2d elementor-widget elementor-widget-text-editor\" data-id=\"26fcd2d\" data-element_type=\"widget\" data-widget_type=\"text-editor.default\">\n\t\t\t\t<div class=\"elementor-widget-container\">\n\t\t\t\t\t\t\t\t\t<p><span style=\"font-weight: 400;\">Chez Planchers International, nous sommes fiers d&rsquo;offrir un service de <\/span><a href=\"\/fr\/finition-plancher\/\">finition de plancher de bois franc<\/a><span style=\"font-weight: 400;\">, de la r\u00e9paration au sablage et au vernissage. Notre \u00e9quipe de professionnels chevronn\u00e9s se sp\u00e9cialise dans une large gamme de r\u00e9parations de plancher de bois : que vous ayez des \u00e9gratignures ou des rayures profondes, des d\u00e9g\u00e2ts caus\u00e9s par l&rsquo;eau ou des probl\u00e8mes structurels majeurs, nous avons les comp\u00e9tences et l&rsquo;exp\u00e9rience n\u00e9cessaires pour redonner \u00e0 vos planchers leur \u00e9clat d&rsquo;antan. Nous serons en mesure de vous guider \u00e0 savoir si un <\/span><a href=\"\/fr\/sablage-plancher-bois-franc\/\">sablage de plancher<\/a><span style=\"font-weight: 400;\"> et une nouvelle couche suffiront \u00e0 redonner l&rsquo;apparence voulue \u00e0 votre parquet, ou si certaines planches devront \u00eatre remplac\u00e9es pour r\u00e9parer votre plancher. <\/span><\/p>\t\t\t\t\t\t\t\t<\/div>\n\t\t\t\t<\/div>\n\t\t\t\t\t<\/div>\n\t\t<\/div>\n\t\t\t\t<div class=\"elementor-column elementor-col-50 elementor-top-column elementor-element elementor-element-c5c3076\" data-id=\"c5c3076\" data-element_type=\"column\">\n\t\t\t<div class=\"elementor-widget-wrap elementor-element-populated\">\n\t\t\t\t\t\t<div class=\"elementor-element elementor-element-5358066 elementor-widget-tablet__width-initial elementor-widget-mobile__width-inherit elementor-widget elementor-widget-image\" data-id=\"5358066\" data-element_type=\"widget\" data-widget_type=\"image.default\">\n\t\t\t\t<div class=\"elementor-widget-container\">\n\t\t\t\t\t\t\t\t\t\t\t\t\t\t\t<img decoding=\"async\" src=\"https:\/\/internationalfloors.ca\/wp-content\/uploads\/hardwood-floor-repair.jpg\" title=\"hardwood floor repair\" alt=\"hardwood floor repair\" loading=\"lazy\" \/>\t\t\t\t\t\t\t\t\t\t\t\t\t\t\t<\/div>\n\t\t\t\t<\/div>\n\t\t\t\t\t<\/div>\n\t\t<\/div>\n\t\t\t\t\t<\/div>\n\t\t<\/section>\n\t\t\t\t<section class=\"elementor-section elementor-top-section elementor-element elementor-element-cb55fb5 elementor-section-boxed elementor-section-height-default elementor-section-height-default\" data-id=\"cb55fb5\" data-element_type=\"section\">\n\t\t\t\t\t\t<div class=\"elementor-container elementor-column-gap-default\">\n\t\t\t\t\t<div class=\"elementor-column elementor-col-50 elementor-top-column elementor-element elementor-element-1eba3ea\" data-id=\"1eba3ea\" data-element_type=\"column\">\n\t\t\t<div class=\"elementor-widget-wrap elementor-element-populated\">\n\t\t\t\t\t\t<div class=\"elementor-element elementor-element-3bc8a3f elementor-widget-tablet__width-initial elementor-widget-mobile__width-inherit elementor-widget elementor-widget-image\" data-id=\"3bc8a3f\" data-element_type=\"widget\" data-widget_type=\"image.default\">\n\t\t\t\t<div class=\"elementor-widget-container\">\n\t\t\t\t\t\t\t\t\t\t\t\t\t\t\t<img fetchpriority=\"high\" decoding=\"async\" width=\"1024\" height=\"1024\" src=\"https:\/\/internationalfloors.ca\/wp-content\/uploads\/reparation-plancher-vieux-port-montreal-1024x1024.jpeg\" class=\"attachment-large size-large wp-image-1407\" alt=\"Montreal Old Port apartment\" srcset=\"https:\/\/internationalfloors.ca\/wp-content\/uploads\/reparation-plancher-vieux-port-montreal-1024x1024.jpeg 1024w, https:\/\/internationalfloors.ca\/wp-content\/uploads\/reparation-plancher-vieux-port-montreal-600x600.jpeg 600w, https:\/\/internationalfloors.ca\/wp-content\/uploads\/reparation-plancher-vieux-port-montreal-500x500.jpeg 500w, https:\/\/internationalfloors.ca\/wp-content\/uploads\/reparation-plancher-vieux-port-montreal.jpeg 1440w\" sizes=\"(max-width: 1024px) 100vw, 1024px\" \/>\t\t\t\t\t\t\t\t\t\t\t\t\t\t\t<\/div>\n\t\t\t\t<\/div>\n\t\t\t\t\t<\/div>\n\t\t<\/div>\n\t\t\t\t<div class=\"elementor-column elementor-col-50 elementor-top-column elementor-element elementor-element-91f50f1\" data-id=\"91f50f1\" data-element_type=\"column\">\n\t\t\t<div class=\"elementor-widget-wrap elementor-element-populated\">\n\t\t\t\t\t\t<div class=\"elementor-element elementor-element-9376df9 elementor-widget elementor-widget-heading\" data-id=\"9376df9\" data-element_type=\"widget\" data-widget_type=\"heading.default\">\n\t\t\t\t<div class=\"elementor-widget-container\">\n\t\t\t\t\t<h2 class=\"elementor-heading-title elementor-size-default\">Votre premier choix pour tous vos besoins en r\u00e9paration de plancher de bois franc \u00e0 Montr\u00e9al<\/h2>\t\t\t\t<\/div>\n\t\t\t\t<\/div>\n\t\t\t\t<div class=\"elementor-element elementor-element-dc31fbb elementor-widget elementor-widget-text-editor\" data-id=\"dc31fbb\" data-element_type=\"widget\" data-widget_type=\"text-editor.default\">\n\t\t\t\t<div class=\"elementor-widget-container\">\n\t\t\t\t\t\t\t\t\t<p>Lorsqu&rsquo;il s&rsquo;agit de r\u00e9paration de plancher de bois franc \u00e0 Montr\u00e9al, Planchers International est la solution incontournable. \u00c9tablis depuis 2002, nous comprenons les caract\u00e9ristiques uniques des planchers de bois franc et les d\u00e9fis sp\u00e9cifiques auxquels ils peuvent \u00eatre confront\u00e9s au fil du temps. Nos techniciens ma\u00eetrisent tout, depuis les \u00e9raflures et rayures mineures jusqu&rsquo;aux dommages plus importants, tels que les taches d&rsquo;eau ou les planches d\u00e9form\u00e9es. D\u00e9couvrez comment nous pouvons r\u00e9parer vos planchers de bois!<\/p>\t\t\t\t\t\t\t\t<\/div>\n\t\t\t\t<\/div>\n\t\t\t\t<div class=\"elementor-element elementor-element-d9cf58d elementor-align-left elementor-mobile-align-center elementor-widget-mobile__width-inherit elementor-widget elementor-widget-button\" data-id=\"d9cf58d\" data-element_type=\"widget\" data-widget_type=\"button.default\">\n\t\t\t\t<div class=\"elementor-widget-container\">\n\t\t\t\t\t\t\t\t\t<div class=\"elementor-button-wrapper\">\n\t\t\t\t\t<a class=\"elementor-button elementor-button-link elementor-size-sm\" href=\"\/fr\/contact-finition-plancher-bois-montreal\/\">\n\t\t\t\t\t\t<span class=\"elementor-button-content-wrapper\">\n\t\t\t\t\t\t\t\t\t<span class=\"elementor-button-text\">Nous joindre<\/span>\n\t\t\t\t\t<\/span>\n\t\t\t\t\t<\/a>\n\t\t\t\t<\/div>\n\t\t\t\t\t\t\t\t<\/div>\n\t\t\t\t<\/div>\n\t\t\t\t\t<\/div>\n\t\t<\/div>\n\t\t\t\t\t<\/div>\n\t\t<\/section>\n\t\t\t\t<section class=\"elementor-section elementor-top-section elementor-element elementor-element-a087f26 elementor-section-boxed elementor-section-height-default elementor-section-height-default\" data-id=\"a087f26\" data-element_type=\"section\">\n\t\t\t\t\t\t<div class=\"elementor-container elementor-column-gap-default\">\n\t\t\t\t\t<div class=\"elementor-column elementor-col-100 elementor-top-column elementor-element elementor-element-c256dae\" data-id=\"c256dae\" data-element_type=\"column\">\n\t\t\t<div class=\"elementor-widget-wrap elementor-element-populated\">\n\t\t\t\t\t\t<div class=\"elementor-element elementor-element-b6b23ba elementor-widget elementor-widget-heading\" data-id=\"b6b23ba\" data-element_type=\"widget\" data-widget_type=\"heading.default\">\n\t\t\t\t<div class=\"elementor-widget-container\">\n\t\t\t\t\t<h2 class=\"elementor-heading-title elementor-size-default\">Constatez ce que nous pouvons faire pour vos planchers<\/h2>\t\t\t\t<\/div>\n\t\t\t\t<\/div>\n\t\t\t\t<section class=\"elementor-section elementor-inner-section elementor-element elementor-element-edcc053 elementor-section-boxed elementor-section-height-default elementor-section-height-default\" data-id=\"edcc053\" data-element_type=\"section\">\n\t\t\t\t\t\t<div class=\"elementor-container elementor-column-gap-default\">\n\t\t\t\t\t<div class=\"elementor-column elementor-col-50 elementor-inner-column elementor-element elementor-element-f7867c9\" data-id=\"f7867c9\" data-element_type=\"column\">\n\t\t\t<div class=\"elementor-widget-wrap elementor-element-populated\">\n\t\t\t\t\t\t<div class=\"elementor-element elementor-element-fb75708 elementor-widget elementor-widget-image\" data-id=\"fb75708\" data-element_type=\"widget\" data-widget_type=\"image.default\">\n\t\t\t\t<div class=\"elementor-widget-container\">\n\t\t\t\t\t\t\t\t\t\t\t\t<figure class=\"wp-caption\">\n\t\t\t\t\t\t\t\t\t\t<img decoding=\"async\" width=\"720\" height=\"480\" src=\"https:\/\/internationalfloors.ca\/wp-content\/uploads\/old-flooring-montreal-before-sanding-opt-720x480-1.jpg\" class=\"attachment-full size-full wp-image-1357\" alt=\"refinishing old hardwood floor - before\" srcset=\"https:\/\/internationalfloors.ca\/wp-content\/uploads\/old-flooring-montreal-before-sanding-opt-720x480-1.jpg 720w, https:\/\/internationalfloors.ca\/wp-content\/uploads\/old-flooring-montreal-before-sanding-opt-720x480-1-600x400.jpg 600w\" sizes=\"(max-width: 720px) 100vw, 720px\" \/>\t\t\t\t\t\t\t\t\t\t\t<figcaption class=\"widget-image-caption wp-caption-text\">AVANT<\/figcaption>\n\t\t\t\t\t\t\t\t\t\t<\/figure>\n\t\t\t\t\t\t\t\t\t<\/div>\n\t\t\t\t<\/div>\n\t\t\t\t\t<\/div>\n\t\t<\/div>\n\t\t\t\t<div class=\"elementor-column elementor-col-50 elementor-inner-column elementor-element elementor-element-ffbf7be\" data-id=\"ffbf7be\" data-element_type=\"column\">\n\t\t\t<div class=\"elementor-widget-wrap elementor-element-populated\">\n\t\t\t\t\t\t<div class=\"elementor-element elementor-element-54b7f8a elementor-widget elementor-widget-image\" data-id=\"54b7f8a\" data-element_type=\"widget\" data-widget_type=\"image.default\">\n\t\t\t\t<div class=\"elementor-widget-container\">\n\t\t\t\t\t\t\t\t\t\t\t\t<figure class=\"wp-caption\">\n\t\t\t\t\t\t\t\t\t\t<img decoding=\"async\" width=\"720\" height=\"480\" src=\"https:\/\/internationalfloors.ca\/wp-content\/uploads\/old-flooring-montreal-after-sanding-refinishing-opt-720x480-1.jpg\" class=\"attachment-full size-full wp-image-1355\" alt=\"refinishing old hardwood floor - after\" srcset=\"https:\/\/internationalfloors.ca\/wp-content\/uploads\/old-flooring-montreal-after-sanding-refinishing-opt-720x480-1.jpg 720w, https:\/\/internationalfloors.ca\/wp-content\/uploads\/old-flooring-montreal-after-sanding-refinishing-opt-720x480-1-600x400.jpg 600w\" sizes=\"(max-width: 720px) 100vw, 720px\" \/>\t\t\t\t\t\t\t\t\t\t\t<figcaption class=\"widget-image-caption wp-caption-text\">APR\u00c8S<\/figcaption>\n\t\t\t\t\t\t\t\t\t\t<\/figure>\n\t\t\t\t\t\t\t\t\t<\/div>\n\t\t\t\t<\/div>\n\t\t\t\t\t<\/div>\n\t\t<\/div>\n\t\t\t\t\t<\/div>\n\t\t<\/section>\n\t\t\t\t\t<\/div>\n\t\t<\/div>\n\t\t\t\t\t<\/div>\n\t\t<\/section>\n\t\t\t\t<section class=\"elementor-section elementor-top-section elementor-element elementor-element-43390f3 elementor-section-boxed elementor-section-height-default elementor-section-height-default\" data-id=\"43390f3\" data-element_type=\"section\">\n\t\t\t\t\t\t<div class=\"elementor-container elementor-column-gap-default\">\n\t\t\t\t\t<div class=\"elementor-column elementor-col-100 elementor-top-column elementor-element elementor-element-1c66447\" data-id=\"1c66447\" data-element_type=\"column\">\n\t\t\t<div class=\"elementor-widget-wrap elementor-element-populated\">\n\t\t\t\t\t\t<div class=\"elementor-element elementor-element-44b6563 elementor-widget-mobile__width-inherit elementor-widget elementor-widget-heading\" data-id=\"44b6563\" data-element_type=\"widget\" data-widget_type=\"heading.default\">\n\t\t\t\t<div class=\"elementor-widget-container\">\n\t\t\t\t\t<h2 class=\"elementor-heading-title elementor-size-default\"><span style=\"color:#000\">Questions fr\u00e9quemment pos\u00e9es <br \/>sur<\/span> la r\u00e9paration des planchers en bois franc<\/h2>\t\t\t\t<\/div>\n\t\t\t\t<\/div>\n\t\t\t\t<div class=\"elementor-element elementor-element-fe486d4 elementor-widget elementor-widget-raven-advanced-accordion\" data-id=\"fe486d4\" data-element_type=\"widget\" data-settings=\"{&quot;collapsible&quot;:&quot;false&quot;,&quot;scroll_to_content&quot;:&quot;false&quot;}\" data-widget_type=\"raven-advanced-accordion.default\">\n\t\t\t\t<div class=\"elementor-widget-container\">\n\t\t\t\t\t\t\t\t<div id=\"jupiterx-advanced-accordion-wrapper\" class=\"jupiterx-advanced-accordion-wrapper\">\r\n\t\t\t\t<div class=\"jupiterx-advanced-accordion-inner-wrapper\">\r\n\t\t\t\t\t\t\t\t\t\t\t\t\t\t<div class=\"jupiterx-single-advanced-accordion-wrapper  jx-ac-first  jx-ac-inactive\" id=\"\" >\r\n\t\t\t\t<div class=\"jx-single-accordion-header\">\r\n\t\t\t\t\t<div class=\"jx-single-accordion-header-left\">\r\n\t\t\t\t\t\t<div class=\"jx-single-accordion-header-icon-toggle-wrapper jx-single-accordion-header-icon-toggle-wrapper-hide\" >\r\n\t\t\t\t\t\t\t\t\t\t\t\t\t<\/div>\r\n\t\t\t\t\t\t<span class=\"jx-ac-title\">Quels types de services de r\u00e9paration de planchers proposez-vous?<\/span>\t\t\t\t\t<\/div>\r\n\t\t\t\t\t<div class=\"jx-single-accordion-header-right\">\r\n\t\t\t\t\t\t<i aria-hidden=\"true\" class=\"jx-ac-icon-body-closed jx-ac-toggle-icon fas fa-chevron-right\"><\/i><i aria-hidden=\"true\" class=\"jx-ac-icon-body-opened jx-ac-toggle-icon fas fa-chevron-down\"><\/i>\t\t\t\t\t<\/div>\r\n\t\t\t\t<\/div>\r\n\t\t\t\t<div class=\"jx-single-accordion-body  jx-ac-body-none\">\r\n\t\t\t\t\t<div class=\"jx-ac-content\">\r\n\t\t\t\t\t\t<div class=\"jx-ac-content-inner-wrapper\">\r\n\t\t\t\t\t\t\t<div class=\"jupiterx-ac-content-is-editor\"><p>Notre \u00e9quipe est \u00e9quip\u00e9e pour g\u00e9rer tout, des probl\u00e8mes esth\u00e9tiques mineurs aux r\u00e9parations structurelles importantes.<\/p><\/div>\t\t\t\t\t\t<\/div>\r\n\t\t\t\t\t<\/div>\r\n\t\t\t\t<\/div>\r\n\t\t\t<\/div>\r\n\t\t\t\t\t\t\t\t\t\t\t\t\t\t\t\t<div class=\"jupiterx-single-advanced-accordion-wrapper  jx-ac-inactive\" id=\"\" >\r\n\t\t\t\t<div class=\"jx-single-accordion-header\">\r\n\t\t\t\t\t<div class=\"jx-single-accordion-header-left\">\r\n\t\t\t\t\t\t<div class=\"jx-single-accordion-header-icon-toggle-wrapper jx-single-accordion-header-icon-toggle-wrapper-hide\" >\r\n\t\t\t\t\t\t\t\t\t\t\t\t\t<\/div>\r\n\t\t\t\t\t\t<span class=\"jx-ac-title\">Comment savoir si mon plancher a besoin d&#039;\u00eatre r\u00e9par\u00e9?<\/span>\t\t\t\t\t<\/div>\r\n\t\t\t\t\t<div class=\"jx-single-accordion-header-right\">\r\n\t\t\t\t\t\t<i aria-hidden=\"true\" class=\"jx-ac-icon-body-closed jx-ac-toggle-icon fas fa-chevron-right\"><\/i><i aria-hidden=\"true\" class=\"jx-ac-icon-body-opened jx-ac-toggle-icon fas fa-chevron-down\"><\/i>\t\t\t\t\t<\/div>\r\n\t\t\t\t<\/div>\r\n\t\t\t\t<div class=\"jx-single-accordion-body  jx-ac-body-none\">\r\n\t\t\t\t\t<div class=\"jx-ac-content\">\r\n\t\t\t\t\t\t<div class=\"jx-ac-content-inner-wrapper\">\r\n\t\t\t\t\t\t\t<div class=\"jupiterx-ac-content-is-editor\"><p>Les signes indiquant que vos planchers de bois franc pourraient avoir besoin d'\u00eatre r\u00e9par\u00e9s comprennent des rayures visibles, des rainures, des planches d\u00e9form\u00e9es ou d\u00e9form\u00e9es et des craquements. En cas de doute, nos experts peuvent \u00e9valuer vos sols et recommander les r\u00e9parations n\u00e9cessaires.<\/p><\/div>\t\t\t\t\t\t<\/div>\r\n\t\t\t\t\t<\/div>\r\n\t\t\t\t<\/div>\r\n\t\t\t<\/div>\r\n\t\t\t\t\t\t\t\t\t\t\t\t\t\t\t\t<div class=\"jupiterx-single-advanced-accordion-wrapper  jx-ac-inactive\" id=\"\" >\r\n\t\t\t\t<div class=\"jx-single-accordion-header\">\r\n\t\t\t\t\t<div class=\"jx-single-accordion-header-left\">\r\n\t\t\t\t\t\t<div class=\"jx-single-accordion-header-icon-toggle-wrapper jx-single-accordion-header-icon-toggle-wrapper-hide\" >\r\n\t\t\t\t\t\t\t\t\t\t\t\t\t<\/div>\r\n\t\t\t\t\t\t<span class=\"jx-ac-title\">Est-il plus rentable de r\u00e9parer ou de remplacer un plancher endommag\u00e9?<\/span>\t\t\t\t\t<\/div>\r\n\t\t\t\t\t<div class=\"jx-single-accordion-header-right\">\r\n\t\t\t\t\t\t<i aria-hidden=\"true\" class=\"jx-ac-icon-body-closed jx-ac-toggle-icon fas fa-chevron-right\"><\/i><i aria-hidden=\"true\" class=\"jx-ac-icon-body-opened jx-ac-toggle-icon fas fa-chevron-down\"><\/i>\t\t\t\t\t<\/div>\r\n\t\t\t\t<\/div>\r\n\t\t\t\t<div class=\"jx-single-accordion-body  jx-ac-body-none\">\r\n\t\t\t\t\t<div class=\"jx-ac-content\">\r\n\t\t\t\t\t\t<div class=\"jx-ac-content-inner-wrapper\">\r\n\t\t\t\t\t\t\t<div class=\"jupiterx-ac-content-is-editor\">Dans de nombreux cas, la r\u00e9paration d'un plancher en bois franc est une option rentable par rapport au remplacement. Nos techniciens \u00e9valueront l\u2019\u00e9tendue des d\u00e9g\u00e2ts et vous fourniront une recommandation \u00e9clair\u00e9e en fonction de l\u2019\u00e9tat de vos planchers. Si vous choisissez d'opter pour l'<\/span><a href=\"\/fr\/installation-plancher-bois-franc\/\"><span style=\"font-weight: 400\">installation de plancher de bois franc ou de plancher flottant<\/ span><\/a><span style=\"font-weight: 400\"> neuf, nous proposons \u00e9galement ce service.<\/span><\/div>\t\t\t\t\t\t<\/div>\r\n\t\t\t\t\t<\/div>\r\n\t\t\t\t<\/div>\r\n\t\t\t<\/div>\r\n\t\t\t\t\t\t\t\t\t\t\t\t\t\t\t\t<div class=\"jupiterx-single-advanced-accordion-wrapper  jx-ac-inactive\" id=\"\" >\r\n\t\t\t\t<div class=\"jx-single-accordion-header\">\r\n\t\t\t\t\t<div class=\"jx-single-accordion-header-left\">\r\n\t\t\t\t\t\t<div class=\"jx-single-accordion-header-icon-toggle-wrapper jx-single-accordion-header-icon-toggle-wrapper-hide\" >\r\n\t\t\t\t\t\t\t\t\t\t\t\t\t<\/div>\r\n\t\t\t\t\t\t<span class=\"jx-ac-title\">Combien de temps dure un projet typique de r\u00e9paration de plancher de bois?<\/span>\t\t\t\t\t<\/div>\r\n\t\t\t\t\t<div class=\"jx-single-accordion-header-right\">\r\n\t\t\t\t\t\t<i aria-hidden=\"true\" class=\"jx-ac-icon-body-closed jx-ac-toggle-icon fas fa-chevron-right\"><\/i><i aria-hidden=\"true\" class=\"jx-ac-icon-body-opened jx-ac-toggle-icon fas fa-chevron-down\"><\/i>\t\t\t\t\t<\/div>\r\n\t\t\t\t<\/div>\r\n\t\t\t\t<div class=\"jx-single-accordion-body  jx-ac-body-none\">\r\n\t\t\t\t\t<div class=\"jx-ac-content\">\r\n\t\t\t\t\t\t<div class=\"jx-ac-content-inner-wrapper\">\r\n\t\t\t\t\t\t\t<div class=\"jupiterx-ac-content-is-editor\"><p>La dur\u00e9e d'un projet de r\u00e9paration de plancher de bois franc peut varier en fonction de l'\u00e9tendue des dommages. Des r\u00e9parations mineures peuvent \u00eatre effectu\u00e9es en un jour ou deux, tandis que des r\u00e9parations plus importantes peuvent prendre plus de temps. Notre \u00e9quipe vous fournira un \u00e9ch\u00e9ancier une fois que nous aurons \u00e9valu\u00e9 vos besoins sp\u00e9cifiques.<\/p><\/div>\t\t\t\t\t\t<\/div>\r\n\t\t\t\t\t<\/div>\r\n\t\t\t\t<\/div>\r\n\t\t\t<\/div>\r\n\t\t\t\t\t\t\t\t\t\t\t\t\t\t\t\t<div class=\"jupiterx-single-advanced-accordion-wrapper  jx-ac-last  jx-ac-inactive\" id=\"\" >\r\n\t\t\t\t<div class=\"jx-single-accordion-header\">\r\n\t\t\t\t\t<div class=\"jx-single-accordion-header-left\">\r\n\t\t\t\t\t\t<div class=\"jx-single-accordion-header-icon-toggle-wrapper jx-single-accordion-header-icon-toggle-wrapper-hide\" >\r\n\t\t\t\t\t\t\t\t\t\t\t\t\t<\/div>\r\n\t\t\t\t\t\t<span class=\"jx-ac-title\">O\u00f9 sont disponibles vos services de r\u00e9paration de plancher?<\/span>\t\t\t\t\t<\/div>\r\n\t\t\t\t\t<div class=\"jx-single-accordion-header-right\">\r\n\t\t\t\t\t\t<i aria-hidden=\"true\" class=\"jx-ac-icon-body-closed jx-ac-toggle-icon fas fa-chevron-right\"><\/i><i aria-hidden=\"true\" class=\"jx-ac-icon-body-opened jx-ac-toggle-icon fas fa-chevron-down\"><\/i>\t\t\t\t\t<\/div>\r\n\t\t\t\t<\/div>\r\n\t\t\t\t<div class=\"jx-single-accordion-body  jx-ac-body-none\">\r\n\t\t\t\t\t<div class=\"jx-ac-content\">\r\n\t\t\t\t\t\t<div class=\"jx-ac-content-inner-wrapper\">\r\n\t\t\t\t\t\t\t<div class=\"jupiterx-ac-content-is-editor\"><p>Nous effectuons la r\u00e9paration de planchers de bois franc \u00e0 Montr\u00e9al, dans l'Ouest-de-l'\u00cele, \u00e0 Laval, \u00e0 Vaudreuil-Dorion et dans les environs.<\/p><\/div>\t\t\t\t\t\t<\/div>\r\n\t\t\t\t\t<\/div>\r\n\t\t\t\t<\/div>\r\n\t\t\t<\/div>\r\n\t\t\t\t\t\t\t\t\t\t\t<\/div>\r\n\t\t\t<\/div>\r\n\t\t\t\t\t\t\t<\/div>\n\t\t\t\t<\/div>\n\t\t\t\t\t<\/div>\n\t\t<\/div>\n\t\t\t\t\t<\/div>\n\t\t<\/section>\n\t\t\t\t<section class=\"elementor-section elementor-top-section elementor-element elementor-element-675aef5 elementor-section-height-min-height elementor-section-boxed elementor-section-height-default elementor-section-items-middle\" data-id=\"675aef5\" data-element_type=\"section\" data-settings=\"{&quot;background_background&quot;:&quot;classic&quot;}\">\n\t\t\t\t\t\t<div class=\"elementor-container elementor-column-gap-default\">\n\t\t\t\t\t<div class=\"elementor-column elementor-col-50 elementor-top-column elementor-element elementor-element-b053fe0\" data-id=\"b053fe0\" data-element_type=\"column\" data-settings=\"{&quot;background_background&quot;:&quot;classic&quot;}\">\n\t\t\t<div class=\"elementor-widget-wrap elementor-element-populated\">\n\t\t\t\t\t\t<div class=\"elementor-element elementor-element-2aea11d elementor-widget elementor-widget-heading\" data-id=\"2aea11d\" data-element_type=\"widget\" data-widget_type=\"heading.default\">\n\t\t\t\t<div class=\"elementor-widget-container\">\n\t\t\t\t\t<h2 class=\"elementor-heading-title elementor-size-default\">Laissez-nous restaurer la beaut\u00e9 de vos planchers<\/h2>\t\t\t\t<\/div>\n\t\t\t\t<\/div>\n\t\t\t\t<div class=\"elementor-element elementor-element-f32a175 elementor-widget elementor-widget-text-editor\" data-id=\"f32a175\" data-element_type=\"widget\" data-widget_type=\"text-editor.default\">\n\t\t\t\t<div class=\"elementor-widget-container\">\n\t\t\t\t\t\t\t\t\t<p>Chez Planchers International, nous comprenons la valeur de votre investissement pour la r\u00e9fection de vos planchers. Notre \u00e9quipe d\u00e9vou\u00e9e s\u2019engage \u00e0 fournir des services de r\u00e9paration de plancher exceptionnels \u00e0 Montr\u00e9al et dans les environs.<\/p>\t\t\t\t\t\t\t\t<\/div>\n\t\t\t\t<\/div>\n\t\t\t\t<div class=\"elementor-element elementor-element-e422ccd elementor-widget__width-auto elementor-widget elementor-widget-button\" data-id=\"e422ccd\" data-element_type=\"widget\" data-widget_type=\"button.default\">\n\t\t\t\t<div class=\"elementor-widget-container\">\n\t\t\t\t\t\t\t\t\t<div class=\"elementor-button-wrapper\">\n\t\t\t\t\t<a class=\"elementor-button elementor-button-link elementor-size-sm\" href=\"\/fr\/contact-finition-plancher-bois-montreal\/\">\n\t\t\t\t\t\t<span class=\"elementor-button-content-wrapper\">\n\t\t\t\t\t\t\t\t\t<span class=\"elementor-button-text\">Contactez-nous d\u00e8s aujourd'hui<\/span>\n\t\t\t\t\t<\/span>\n\t\t\t\t\t<\/a>\n\t\t\t\t<\/div>\n\t\t\t\t\t\t\t\t<\/div>\n\t\t\t\t<\/div>\n\t\t\t\t\t<\/div>\n\t\t<\/div>\n\t\t\t\t<div class=\"elementor-column elementor-col-50 elementor-top-column elementor-element elementor-element-9ed728d\" data-id=\"9ed728d\" data-element_type=\"column\">\n\t\t\t<div class=\"elementor-widget-wrap\">\n\t\t\t\t\t\t\t<\/div>\n\t\t<\/div>\n\t\t\t\t\t<\/div>\n\t\t<\/section>\n\t\t\t\t<\/div>\n\t\t","protected":false},"excerpt":{"rendered":"<p>R\u00e9paration de plancher de bois \u00e0 Montr\u00e9al et environs Demander une soumission Une expertise in\u00e9gal\u00e9e en r\u00e9paration de rev\u00eatement de plancher de bois Chez Planchers International, nous sommes fiers d&rsquo;offrir un service de finition de plancher de bois franc, de la r\u00e9paration au sablage et au vernissage. Notre \u00e9quipe de professionnels chevronn\u00e9s se sp\u00e9cialise dans [&hellip;]<\/p>\n","protected":false},"author":2,"featured_media":0,"parent":0,"menu_order":0,"comment_status":"closed","ping_status":"closed","template":"elementor_header_footer","meta":{"_acf_changed":false,"footnotes":""},"class_list":["post-1619","page","type-page","status-publish","hentry"],"acf":[],"yoast_head":"<!-- This site is optimized with the Yoast SEO plugin v27.4 - https:\/\/yoast.com\/product\/yoast-seo-wordpress\/ -->\n<title>R\u00e9paration de Planchers de Bois Franc | Planchers International<\/title>\n<meta name=\"description\" content=\"Nous pouvons r\u00e9parer les \u00e9raflures, les rayures et m\u00eame remplacer les planches endommag\u00e9es par des neuves. Contactez-nous!\" \/>\n<meta name=\"robots\" content=\"index, follow, max-snippet:-1, max-image-preview:large, max-video-preview:-1\" \/>\n<link rel=\"canonical\" href=\"https:\/\/internationalfloors.ca\/fr\/reparation-plancher-bois\/\" \/>\n<meta property=\"og:locale\" content=\"fr_CA\" \/>\n<meta property=\"og:type\" content=\"article\" \/>\n<meta property=\"og:title\" content=\"R\u00e9paration de Planchers de Bois Franc | Planchers International\" \/>\n<meta property=\"og:description\" content=\"Nous pouvons r\u00e9parer les \u00e9raflures, les rayures et m\u00eame remplacer les planches endommag\u00e9es par des neuves. Contactez-nous!\" \/>\n<meta property=\"og:url\" content=\"https:\/\/internationalfloors.ca\/fr\/reparation-plancher-bois\/\" \/>\n<meta property=\"og:site_name\" content=\"International Floors\" \/>\n<meta property=\"article:modified_time\" content=\"2023-10-31T13:38:04+00:00\" \/>\n<meta property=\"og:image\" content=\"https:\/\/internationalfloors.ca\/wp-content\/uploads\/hardwood-floor-repair.jpg\" \/>\n<meta name=\"twitter:card\" content=\"summary_large_image\" \/>\n<meta name=\"twitter:label1\" content=\"Estimation du temps de lecture\" \/>\n\t<meta name=\"twitter:data1\" content=\"4 minutes\" \/>\n<script type=\"application\/ld+json\" class=\"yoast-schema-graph\">{\"@context\":\"https:\\\/\\\/schema.org\",\"@graph\":[{\"@type\":\"WebPage\",\"@id\":\"https:\\\/\\\/internationalfloors.ca\\\/fr\\\/reparation-plancher-bois\\\/\",\"url\":\"https:\\\/\\\/internationalfloors.ca\\\/fr\\\/reparation-plancher-bois\\\/\",\"name\":\"R\u00e9paration de Planchers de Bois Franc | Planchers International\",\"isPartOf\":{\"@id\":\"https:\\\/\\\/internationalfloors.ca\\\/fr\\\/#website\"},\"primaryImageOfPage\":{\"@id\":\"https:\\\/\\\/internationalfloors.ca\\\/fr\\\/reparation-plancher-bois\\\/#primaryimage\"},\"image\":{\"@id\":\"https:\\\/\\\/internationalfloors.ca\\\/fr\\\/reparation-plancher-bois\\\/#primaryimage\"},\"thumbnailUrl\":\"https:\\\/\\\/internationalfloors.ca\\\/wp-content\\\/uploads\\\/hardwood-floor-repair.jpg\",\"datePublished\":\"2023-09-28T16:54:40+00:00\",\"dateModified\":\"2023-10-31T13:38:04+00:00\",\"description\":\"Nous pouvons r\u00e9parer les \u00e9raflures, les rayures et m\u00eame remplacer les planches endommag\u00e9es par des neuves. Contactez-nous!\",\"breadcrumb\":{\"@id\":\"https:\\\/\\\/internationalfloors.ca\\\/fr\\\/reparation-plancher-bois\\\/#breadcrumb\"},\"inLanguage\":\"fr-CA\",\"potentialAction\":[{\"@type\":\"ReadAction\",\"target\":[\"https:\\\/\\\/internationalfloors.ca\\\/fr\\\/reparation-plancher-bois\\\/\"]}]},{\"@type\":\"ImageObject\",\"inLanguage\":\"fr-CA\",\"@id\":\"https:\\\/\\\/internationalfloors.ca\\\/fr\\\/reparation-plancher-bois\\\/#primaryimage\",\"url\":\"https:\\\/\\\/internationalfloors.ca\\\/wp-content\\\/uploads\\\/hardwood-floor-repair.jpg\",\"contentUrl\":\"https:\\\/\\\/internationalfloors.ca\\\/wp-content\\\/uploads\\\/hardwood-floor-repair.jpg\"},{\"@type\":\"BreadcrumbList\",\"@id\":\"https:\\\/\\\/internationalfloors.ca\\\/fr\\\/reparation-plancher-bois\\\/#breadcrumb\",\"itemListElement\":[{\"@type\":\"ListItem\",\"position\":1,\"name\":\"Home\",\"item\":\"https:\\\/\\\/internationalfloors.ca\\\/fr\\\/\"},{\"@type\":\"ListItem\",\"position\":2,\"name\":\"R\u00e9paration\"}]},{\"@type\":\"WebSite\",\"@id\":\"https:\\\/\\\/internationalfloors.ca\\\/fr\\\/#website\",\"url\":\"https:\\\/\\\/internationalfloors.ca\\\/fr\\\/\",\"name\":\"International Floors\",\"description\":\"\",\"potentialAction\":[{\"@type\":\"SearchAction\",\"target\":{\"@type\":\"EntryPoint\",\"urlTemplate\":\"https:\\\/\\\/internationalfloors.ca\\\/fr\\\/?s={search_term_string}\"},\"query-input\":{\"@type\":\"PropertyValueSpecification\",\"valueRequired\":true,\"valueName\":\"search_term_string\"}}],\"inLanguage\":\"fr-CA\"}]}<\/script>\n<!-- \/ Yoast SEO plugin. -->","yoast_head_json":{"title":"R\u00e9paration de Planchers de Bois Franc | Planchers International","description":"Nous pouvons r\u00e9parer les \u00e9raflures, les rayures et m\u00eame remplacer les planches endommag\u00e9es par des neuves. Contactez-nous!","robots":{"index":"index","follow":"follow","max-snippet":"max-snippet:-1","max-image-preview":"max-image-preview:large","max-video-preview":"max-video-preview:-1"},"canonical":"https:\/\/internationalfloors.ca\/fr\/reparation-plancher-bois\/","og_locale":"fr_CA","og_type":"article","og_title":"R\u00e9paration de Planchers de Bois Franc | Planchers International","og_description":"Nous pouvons r\u00e9parer les \u00e9raflures, les rayures et m\u00eame remplacer les planches endommag\u00e9es par des neuves. Contactez-nous!","og_url":"https:\/\/internationalfloors.ca\/fr\/reparation-plancher-bois\/","og_site_name":"International Floors","article_modified_time":"2023-10-31T13:38:04+00:00","og_image":[{"url":"https:\/\/internationalfloors.ca\/wp-content\/uploads\/hardwood-floor-repair.jpg","type":"","width":"","height":""}],"twitter_card":"summary_large_image","twitter_misc":{"Estimation du temps de lecture":"4 minutes"},"schema":{"@context":"https:\/\/schema.org","@graph":[{"@type":"WebPage","@id":"https:\/\/internationalfloors.ca\/fr\/reparation-plancher-bois\/","url":"https:\/\/internationalfloors.ca\/fr\/reparation-plancher-bois\/","name":"R\u00e9paration de Planchers de Bois Franc | Planchers International","isPartOf":{"@id":"https:\/\/internationalfloors.ca\/fr\/#website"},"primaryImageOfPage":{"@id":"https:\/\/internationalfloors.ca\/fr\/reparation-plancher-bois\/#primaryimage"},"image":{"@id":"https:\/\/internationalfloors.ca\/fr\/reparation-plancher-bois\/#primaryimage"},"thumbnailUrl":"https:\/\/internationalfloors.ca\/wp-content\/uploads\/hardwood-floor-repair.jpg","datePublished":"2023-09-28T16:54:40+00:00","dateModified":"2023-10-31T13:38:04+00:00","description":"Nous pouvons r\u00e9parer les \u00e9raflures, les rayures et m\u00eame remplacer les planches endommag\u00e9es par des neuves. Contactez-nous!","breadcrumb":{"@id":"https:\/\/internationalfloors.ca\/fr\/reparation-plancher-bois\/#breadcrumb"},"inLanguage":"fr-CA","potentialAction":[{"@type":"ReadAction","target":["https:\/\/internationalfloors.ca\/fr\/reparation-plancher-bois\/"]}]},{"@type":"ImageObject","inLanguage":"fr-CA","@id":"https:\/\/internationalfloors.ca\/fr\/reparation-plancher-bois\/#primaryimage","url":"https:\/\/internationalfloors.ca\/wp-content\/uploads\/hardwood-floor-repair.jpg","contentUrl":"https:\/\/internationalfloors.ca\/wp-content\/uploads\/hardwood-floor-repair.jpg"},{"@type":"BreadcrumbList","@id":"https:\/\/internationalfloors.ca\/fr\/reparation-plancher-bois\/#breadcrumb","itemListElement":[{"@type":"ListItem","position":1,"name":"Home","item":"https:\/\/internationalfloors.ca\/fr\/"},{"@type":"ListItem","position":2,"name":"R\u00e9paration"}]},{"@type":"WebSite","@id":"https:\/\/internationalfloors.ca\/fr\/#website","url":"https:\/\/internationalfloors.ca\/fr\/","name":"International Floors","description":"","potentialAction":[{"@type":"SearchAction","target":{"@type":"EntryPoint","urlTemplate":"https:\/\/internationalfloors.ca\/fr\/?s={search_term_string}"},"query-input":{"@type":"PropertyValueSpecification","valueRequired":true,"valueName":"search_term_string"}}],"inLanguage":"fr-CA"}]}},"_links":{"self":[{"href":"https:\/\/internationalfloors.ca\/fr\/wp-json\/wp\/v2\/pages\/1619","targetHints":{"allow":["GET"]}}],"collection":[{"href":"https:\/\/internationalfloors.ca\/fr\/wp-json\/wp\/v2\/pages"}],"about":[{"href":"https:\/\/internationalfloors.ca\/fr\/wp-json\/wp\/v2\/types\/page"}],"author":[{"embeddable":true,"href":"https:\/\/internationalfloors.ca\/fr\/wp-json\/wp\/v2\/users\/2"}],"replies":[{"embeddable":true,"href":"https:\/\/internationalfloors.ca\/fr\/wp-json\/wp\/v2\/comments?post=1619"}],"version-history":[{"count":4,"href":"https:\/\/internationalfloors.ca\/fr\/wp-json\/wp\/v2\/pages\/1619\/revisions"}],"predecessor-version":[{"id":1687,"href":"https:\/\/internationalfloors.ca\/fr\/wp-json\/wp\/v2\/pages\/1619\/revisions\/1687"}],"wp:attachment":[{"href":"https:\/\/internationalfloors.ca\/fr\/wp-json\/wp\/v2\/media?parent=1619"}],"curies":[{"name":"wp","href":"https:\/\/api.w.org\/{rel}","templated":true}]}}