{"id":1618,"date":"2023-09-28T13:40:16","date_gmt":"2023-09-28T17:40:16","guid":{"rendered":"https:\/\/internationalfloors.ca\/hardwood-floor-installation\/"},"modified":"2023-10-31T09:05:00","modified_gmt":"2023-10-31T13:05:00","slug":"installation-plancher-bois-franc","status":"publish","type":"page","link":"https:\/\/internationalfloors.ca\/fr\/installation-plancher-bois-franc\/","title":{"rendered":"Installation"},"content":{"rendered":"\t\t<div data-elementor-type=\"wp-page\" data-elementor-id=\"1618\" class=\"elementor elementor-1618\">\n\t\t\t\t\t\t<section class=\"elementor-section elementor-top-section elementor-element elementor-element-b48b683 elementor-section-height-min-height elementor-section-boxed elementor-section-height-default elementor-section-items-middle\" data-id=\"b48b683\" data-element_type=\"section\" data-settings=\"{&quot;background_background&quot;:&quot;classic&quot;}\">\n\t\t\t\t\t\t\t<div class=\"elementor-background-overlay\"><\/div>\n\t\t\t\t\t\t\t<div class=\"elementor-container elementor-column-gap-default\">\n\t\t\t\t\t<div class=\"elementor-column elementor-col-100 elementor-top-column elementor-element elementor-element-b0f9636\" data-id=\"b0f9636\" data-element_type=\"column\">\n\t\t\t<div class=\"elementor-widget-wrap elementor-element-populated\">\n\t\t\t\t\t\t<div class=\"elementor-element elementor-element-b938bc9 elementor-widget elementor-widget-heading\" data-id=\"b938bc9\" data-element_type=\"widget\" data-widget_type=\"heading.default\">\n\t\t\t\t<div class=\"elementor-widget-container\">\n\t\t\t\t\t<h1 class=\"elementor-heading-title elementor-size-default\">Installation de plancher de bois franc et flottant \u00e0 Montr\u00e9al et environs<\/h1>\t\t\t\t<\/div>\n\t\t\t\t<\/div>\n\t\t\t\t<div class=\"elementor-element elementor-element-8ede285 elementor-widget__width-auto elementor-widget elementor-widget-button\" data-id=\"8ede285\" data-element_type=\"widget\" data-widget_type=\"button.default\">\n\t\t\t\t<div class=\"elementor-widget-container\">\n\t\t\t\t\t\t\t\t\t<div class=\"elementor-button-wrapper\">\n\t\t\t\t\t<a class=\"elementor-button elementor-button-link elementor-size-sm\" href=\"\/fr\/contact-finition-plancher-bois-montreal\/\">\n\t\t\t\t\t\t<span class=\"elementor-button-content-wrapper\">\n\t\t\t\t\t\t\t\t\t<span class=\"elementor-button-text\">Contacter les experts<\/span>\n\t\t\t\t\t<\/span>\n\t\t\t\t\t<\/a>\n\t\t\t\t<\/div>\n\t\t\t\t\t\t\t\t<\/div>\n\t\t\t\t<\/div>\n\t\t\t\t\t<\/div>\n\t\t<\/div>\n\t\t\t\t\t<\/div>\n\t\t<\/section>\n\t\t\t\t<section class=\"elementor-section elementor-top-section elementor-element elementor-element-9d474c9 elementor-section-boxed elementor-section-height-default elementor-section-height-default\" data-id=\"9d474c9\" data-element_type=\"section\">\n\t\t\t\t\t\t<div class=\"elementor-container elementor-column-gap-default\">\n\t\t\t\t\t<div class=\"elementor-column elementor-col-50 elementor-top-column elementor-element elementor-element-a78e731\" data-id=\"a78e731\" data-element_type=\"column\">\n\t\t\t<div class=\"elementor-widget-wrap elementor-element-populated\">\n\t\t\t\t\t\t<div class=\"elementor-element elementor-element-c6ec63e elementor-widget elementor-widget-heading\" data-id=\"c6ec63e\" data-element_type=\"widget\" data-widget_type=\"heading.default\">\n\t\t\t\t<div class=\"elementor-widget-container\">\n\t\t\t\t\t<h2 class=\"elementor-heading-title elementor-size-default\">Installateurs de plancher exp\u00e9riment\u00e9s<\/h2>\t\t\t\t<\/div>\n\t\t\t\t<\/div>\n\t\t\t\t<div class=\"elementor-element elementor-element-26fcd2d elementor-widget elementor-widget-text-editor\" data-id=\"26fcd2d\" data-element_type=\"widget\" data-widget_type=\"text-editor.default\">\n\t\t\t\t<div class=\"elementor-widget-container\">\n\t\t\t\t\t\t\t\t\t<p><span style=\"font-weight: 400;\">L\u2019\u00e9quipe de Planchers International propose l\u2019<strong>installation de plancher de bois franc<\/strong> dans le Grand Montr\u00e9al. Le service inclut \u00e9galement le retrait de l\u2019ancien plancher, qu\u2019il s\u2019agisse de tapis, de tuiles ou de bois. Vous songez \u00e0 cr\u00e9er un design avec votre plancher, tel que des chevrons? Pas de probl\u00e8me. Notre \u00e9quipe adore les id\u00e9es cr\u00e9atives et les nouveaux projets comme celui-ci. Nous arriverons assur\u00e9ment au r\u00e9sultat que vous voulez.<\/span><\/p>\t\t\t\t\t\t\t\t<\/div>\n\t\t\t\t<\/div>\n\t\t\t\t<div class=\"elementor-element elementor-element-b781108 elementor-align-left elementor-mobile-align-center elementor-widget-mobile__width-inherit elementor-widget elementor-widget-button\" data-id=\"b781108\" data-element_type=\"widget\" data-widget_type=\"button.default\">\n\t\t\t\t<div class=\"elementor-widget-container\">\n\t\t\t\t\t\t\t\t\t<div class=\"elementor-button-wrapper\">\n\t\t\t\t\t<a class=\"elementor-button elementor-button-link elementor-size-sm\" href=\"\/fr\/contact-finition-plancher-bois-montreal\/\">\n\t\t\t\t\t\t<span class=\"elementor-button-content-wrapper\">\n\t\t\t\t\t\t\t\t\t<span class=\"elementor-button-text\">Nous joindre<\/span>\n\t\t\t\t\t<\/span>\n\t\t\t\t\t<\/a>\n\t\t\t\t<\/div>\n\t\t\t\t\t\t\t\t<\/div>\n\t\t\t\t<\/div>\n\t\t\t\t\t<\/div>\n\t\t<\/div>\n\t\t\t\t<div class=\"elementor-column elementor-col-50 elementor-top-column elementor-element elementor-element-c5c3076\" data-id=\"c5c3076\" data-element_type=\"column\">\n\t\t\t<div class=\"elementor-widget-wrap elementor-element-populated\">\n\t\t\t\t\t\t<div class=\"elementor-element elementor-element-5358066 elementor-widget-tablet__width-initial elementor-widget-mobile__width-inherit elementor-widget elementor-widget-image\" data-id=\"5358066\" data-element_type=\"widget\" data-widget_type=\"image.default\">\n\t\t\t\t<div class=\"elementor-widget-container\">\n\t\t\t\t\t\t\t\t\t\t\t\t\t\t\t<img decoding=\"async\" src=\"https:\/\/internationalfloors.ca\/wp-content\/uploads\/elementor\/thumbs\/new-hardwood-floor-installation-qfopmhav7t4w673ai6wj17e0pcr8sbe16a15v0hf0y.jpg\" title=\"hardwood floor installation\" alt=\"hardwood floor installation\" loading=\"lazy\" \/>\t\t\t\t\t\t\t\t\t\t\t\t\t\t\t<\/div>\n\t\t\t\t<\/div>\n\t\t\t\t\t<\/div>\n\t\t<\/div>\n\t\t\t\t\t<\/div>\n\t\t<\/section>\n\t\t\t\t<section class=\"elementor-section elementor-top-section elementor-element elementor-element-cb55fb5 elementor-section-boxed elementor-section-height-default elementor-section-height-default\" data-id=\"cb55fb5\" data-element_type=\"section\">\n\t\t\t\t\t\t<div class=\"elementor-container elementor-column-gap-default\">\n\t\t\t\t\t<div class=\"elementor-column elementor-col-50 elementor-top-column elementor-element elementor-element-1eba3ea\" data-id=\"1eba3ea\" data-element_type=\"column\">\n\t\t\t<div class=\"elementor-widget-wrap elementor-element-populated\">\n\t\t\t\t\t\t<div class=\"elementor-element elementor-element-3bc8a3f elementor-widget-tablet__width-initial elementor-widget-mobile__width-inherit elementor-widget elementor-widget-image\" data-id=\"3bc8a3f\" data-element_type=\"widget\" data-widget_type=\"image.default\">\n\t\t\t\t<div class=\"elementor-widget-container\">\n\t\t\t\t\t\t\t\t\t\t\t\t\t\t\t<img decoding=\"async\" src=\"https:\/\/internationalfloors.ca\/wp-content\/uploads\/elementor\/thumbs\/hardwood-floor-staining-opt-ph9n1ml7snh5roz0t50mnzxyio06v3a31mv0zofq74.jpg\" title=\"hardwood-floor-staining-opt\" alt=\"wood floor refinishing\" loading=\"lazy\" \/>\t\t\t\t\t\t\t\t\t\t\t\t\t\t\t<\/div>\n\t\t\t\t<\/div>\n\t\t\t\t\t<\/div>\n\t\t<\/div>\n\t\t\t\t<div class=\"elementor-column elementor-col-50 elementor-top-column elementor-element elementor-element-91f50f1\" data-id=\"91f50f1\" data-element_type=\"column\">\n\t\t\t<div class=\"elementor-widget-wrap elementor-element-populated\">\n\t\t\t\t\t\t<div class=\"elementor-element elementor-element-9376df9 elementor-widget elementor-widget-heading\" data-id=\"9376df9\" data-element_type=\"widget\" data-widget_type=\"heading.default\">\n\t\t\t\t<div class=\"elementor-widget-container\">\n\t\t\t\t\t<h2 class=\"elementor-heading-title elementor-size-default\">Installation de plancher de bois franc<\/h2>\t\t\t\t<\/div>\n\t\t\t\t<\/div>\n\t\t\t\t<div class=\"elementor-element elementor-element-dc31fbb elementor-widget elementor-widget-text-editor\" data-id=\"dc31fbb\" data-element_type=\"widget\" data-widget_type=\"text-editor.default\">\n\t\t\t\t<div class=\"elementor-widget-container\">\n\t\t\t\t\t\t\t\t\t<p>Lorsqu&rsquo;il s&rsquo;agit de transformer votre espace avec l&rsquo;\u00e9l\u00e9gance intemporelle des planchers de bois franc, ne cherchez pas plus loin que nos services d&rsquo;installation de planchers \u00e0 Montr\u00e9al. Notre \u00e9quipe d\u2019installateurs de plancher de bois franc exp\u00e9riment\u00e9s offre un savoir-faire incomparable et une attention aux d\u00e9tails. Que vous r\u00e9noviez votre maison ou votre bureau, nos services d&rsquo;installation de plancher en bois garantissent un processus transparent du d\u00e9but \u00e0 la fin. Des mesures pr\u00e9cises \u00e0 l\u2019installation experte, nous sommes fiers de chaque projet d\u2019installation de plancher de bois franc que nous entreprenons.<\/p><p><span style=\"font-weight: 400;\">Notre \u00e9quipe se fera un plaisir de r\u00e9aliser l\u2019installation du planchers de bois franc selon vos indications, et ce, que ce soit \u00e0 partir d\u2019un plancher pr\u00e9fini ou non. Si vous optez pour un plancher non-fini, vous pouvez aussi compter sur notre \u00e9quipe pour la\u00a0<a href=\"\/fr\/teinture-vernis-planchers-bois\/\">teinture et le vernissage<\/a> de celui-ci. Gr\u00e2ce \u00e0 notre engagement envers la qualit\u00e9 et la satisfaction de nos clients, votre plancher de r\u00eave devient r\u00e9alit\u00e9 gr\u00e2ce \u00e0 nos services d\u2019installation de planchers de bois franc.<\/span><\/p>\t\t\t\t\t\t\t\t<\/div>\n\t\t\t\t<\/div>\n\t\t\t\t<div class=\"elementor-element elementor-element-6226500 elementor-align-left elementor-mobile-align-center elementor-widget-mobile__width-inherit elementor-widget elementor-widget-button\" data-id=\"6226500\" data-element_type=\"widget\" data-widget_type=\"button.default\">\n\t\t\t\t<div class=\"elementor-widget-container\">\n\t\t\t\t\t\t\t\t\t<div class=\"elementor-button-wrapper\">\n\t\t\t\t\t<a class=\"elementor-button elementor-button-link elementor-size-sm\" href=\"\/fr\/contact-finition-plancher-bois-montreal\/\">\n\t\t\t\t\t\t<span class=\"elementor-button-content-wrapper\">\n\t\t\t\t\t\t\t\t\t<span class=\"elementor-button-text\">Demander une soumission<\/span>\n\t\t\t\t\t<\/span>\n\t\t\t\t\t<\/a>\n\t\t\t\t<\/div>\n\t\t\t\t\t\t\t\t<\/div>\n\t\t\t\t<\/div>\n\t\t\t\t\t<\/div>\n\t\t<\/div>\n\t\t\t\t\t<\/div>\n\t\t<\/section>\n\t\t\t\t<section class=\"elementor-section elementor-top-section elementor-element elementor-element-e5bb0aa elementor-section-boxed elementor-section-height-default elementor-section-height-default\" data-id=\"e5bb0aa\" data-element_type=\"section\">\n\t\t\t\t\t\t<div class=\"elementor-container elementor-column-gap-default\">\n\t\t\t\t\t<div class=\"elementor-column elementor-col-50 elementor-top-column elementor-element elementor-element-cd90d6a\" data-id=\"cd90d6a\" data-element_type=\"column\">\n\t\t\t<div class=\"elementor-widget-wrap elementor-element-populated\">\n\t\t\t\t\t\t<div class=\"elementor-element elementor-element-6d81ee8 elementor-widget elementor-widget-heading\" data-id=\"6d81ee8\" data-element_type=\"widget\" data-widget_type=\"heading.default\">\n\t\t\t\t<div class=\"elementor-widget-container\">\n\t\t\t\t\t<h2 class=\"elementor-heading-title elementor-size-default\">Installation de plancher flottant<\/h2>\t\t\t\t<\/div>\n\t\t\t\t<\/div>\n\t\t\t\t<div class=\"elementor-element elementor-element-0c8cab5 elementor-widget elementor-widget-text-editor\" data-id=\"0c8cab5\" data-element_type=\"widget\" data-widget_type=\"text-editor.default\">\n\t\t\t\t<div class=\"elementor-widget-container\">\n\t\t\t\t\t\t\t\t\t<p>Non seulement nous installons tous types de planchers de bois, mais nous offrons \u00e9galement l&rsquo;installation de rev\u00eatements de sol en vinyle et stratifi\u00e9s dans la r\u00e9gion de Montr\u00e9al. Les planchers flottants sont abordables, durables, faciles d\u2019entretien et rapides \u00e0 installer\u2026 avec l\u2019\u00e9quipement et l\u2019expertise appropri\u00e9s. C\u2019est pourquoi choisir les installateurs de plancher flottant de Planchers International est le bon choix pour garantir un processus fluide et sans tracas.<\/p><p>L&rsquo;expertise de notre \u00e9quipe s&rsquo;\u00e9tend \u00e0 tous les aspects de l&rsquo;installation de couvre-plancher, faisant de nous votre partenaire de confiance pour l&rsquo;installation de plancher flottant. Des mesures m\u00e9ticuleuses \u00e0 une ex\u00e9cution sans faille, nos services d\u2019installation de plancher sont con\u00e7us pour r\u00e9pondre \u00e0 vos besoins et d\u00e9passer vos attentes, vous offrant ainsi un plancher magnifique et durable.<\/p>\t\t\t\t\t\t\t\t<\/div>\n\t\t\t\t<\/div>\n\t\t\t\t<div class=\"elementor-element elementor-element-0bcce50 elementor-align-left elementor-mobile-align-center elementor-widget-mobile__width-inherit elementor-widget elementor-widget-button\" data-id=\"0bcce50\" data-element_type=\"widget\" data-widget_type=\"button.default\">\n\t\t\t\t<div class=\"elementor-widget-container\">\n\t\t\t\t\t\t\t\t\t<div class=\"elementor-button-wrapper\">\n\t\t\t\t\t<a class=\"elementor-button elementor-button-link elementor-size-sm\" href=\"\/fr\/contact-finition-plancher-bois-montreal\/\">\n\t\t\t\t\t\t<span class=\"elementor-button-content-wrapper\">\n\t\t\t\t\t\t\t\t\t<span class=\"elementor-button-text\">Nous contacter<\/span>\n\t\t\t\t\t<\/span>\n\t\t\t\t\t<\/a>\n\t\t\t\t<\/div>\n\t\t\t\t\t\t\t\t<\/div>\n\t\t\t\t<\/div>\n\t\t\t\t\t<\/div>\n\t\t<\/div>\n\t\t\t\t<div class=\"elementor-column elementor-col-50 elementor-top-column elementor-element elementor-element-2acce48\" data-id=\"2acce48\" data-element_type=\"column\">\n\t\t\t<div class=\"elementor-widget-wrap elementor-element-populated\">\n\t\t\t\t\t\t<div class=\"elementor-element elementor-element-b10abdf elementor-widget-tablet__width-initial elementor-widget-mobile__width-inherit elementor-widget elementor-widget-image\" data-id=\"b10abdf\" data-element_type=\"widget\" data-widget_type=\"image.default\">\n\t\t\t\t<div class=\"elementor-widget-container\">\n\t\t\t\t\t\t\t\t\t\t\t\t\t\t\t<img decoding=\"async\" src=\"https:\/\/internationalfloors.ca\/wp-content\/uploads\/elementor\/thumbs\/laminate-flooring-installation-qfoptw91957bez8gtl1tj6mw0xk0aoqh7bl8rulth4.jpg\" title=\"laminate flooring installation\" alt=\"laminate flooring installation\" loading=\"lazy\" \/>\t\t\t\t\t\t\t\t\t\t\t\t\t\t\t<\/div>\n\t\t\t\t<\/div>\n\t\t\t\t\t<\/div>\n\t\t<\/div>\n\t\t\t\t\t<\/div>\n\t\t<\/section>\n\t\t\t\t<section class=\"elementor-section elementor-top-section elementor-element elementor-element-43390f3 elementor-section-boxed elementor-section-height-default elementor-section-height-default\" data-id=\"43390f3\" data-element_type=\"section\">\n\t\t\t\t\t\t<div class=\"elementor-container elementor-column-gap-default\">\n\t\t\t\t\t<div class=\"elementor-column elementor-col-100 elementor-top-column elementor-element elementor-element-1c66447\" data-id=\"1c66447\" data-element_type=\"column\">\n\t\t\t<div class=\"elementor-widget-wrap elementor-element-populated\">\n\t\t\t\t\t\t<div class=\"elementor-element elementor-element-44b6563 elementor-widget-mobile__width-inherit elementor-widget elementor-widget-heading\" data-id=\"44b6563\" data-element_type=\"widget\" data-widget_type=\"heading.default\">\n\t\t\t\t<div class=\"elementor-widget-container\">\n\t\t\t\t\t<h2 class=\"elementor-heading-title elementor-size-default\"><span style=\"color:#000\">Questions fr\u00e9quentes sur l'<\/span>installation de plancher<\/h2>\t\t\t\t<\/div>\n\t\t\t\t<\/div>\n\t\t\t\t<div class=\"elementor-element elementor-element-fe486d4 elementor-widget elementor-widget-raven-advanced-accordion\" data-id=\"fe486d4\" data-element_type=\"widget\" data-settings=\"{&quot;collapsible&quot;:&quot;false&quot;,&quot;scroll_to_content&quot;:&quot;false&quot;}\" data-widget_type=\"raven-advanced-accordion.default\">\n\t\t\t\t<div class=\"elementor-widget-container\">\n\t\t\t\t\t\t\t\t<div id=\"jupiterx-advanced-accordion-wrapper\" class=\"jupiterx-advanced-accordion-wrapper\">\r\n\t\t\t\t<div class=\"jupiterx-advanced-accordion-inner-wrapper\">\r\n\t\t\t\t\t\t\t\t\t\t\t\t\t\t<div class=\"jupiterx-single-advanced-accordion-wrapper  jx-ac-first  jx-ac-inactive\" id=\"\" >\r\n\t\t\t\t<div class=\"jx-single-accordion-header\">\r\n\t\t\t\t\t<div class=\"jx-single-accordion-header-left\">\r\n\t\t\t\t\t\t<div class=\"jx-single-accordion-header-icon-toggle-wrapper jx-single-accordion-header-icon-toggle-wrapper-hide\" >\r\n\t\t\t\t\t\t\t\t\t\t\t\t\t<\/div>\r\n\t\t\t\t\t\t<span class=\"jx-ac-title\">Pourquoi opter pour un plancher de bois franc?<\/span>\t\t\t\t\t<\/div>\r\n\t\t\t\t\t<div class=\"jx-single-accordion-header-right\">\r\n\t\t\t\t\t\t<i aria-hidden=\"true\" class=\"jx-ac-icon-body-closed jx-ac-toggle-icon fas fa-chevron-right\"><\/i><i aria-hidden=\"true\" class=\"jx-ac-icon-body-opened jx-ac-toggle-icon fas fa-chevron-down\"><\/i>\t\t\t\t\t<\/div>\r\n\t\t\t\t<\/div>\r\n\t\t\t\t<div class=\"jx-single-accordion-body  jx-ac-body-none\">\r\n\t\t\t\t\t<div class=\"jx-ac-content\">\r\n\t\t\t\t\t\t<div class=\"jx-ac-content-inner-wrapper\">\r\n\t\t\t\t\t\t\t<div class=\"jupiterx-ac-content-is-editor\"><p>Le plancher de bois franc a une beaut\u00e9 naturelle qui peut donner une sensation de chaleur \u00e0 n\u2019importe quelle pi\u00e8ce. Lors de la construction d\u2019une nouvelle maison, en ajoutant une adjonction ou en enlevant de la vieille moquette sous laquelle il n\u2019y a pas de finition de plancher, regardez la grande vari\u00e9t\u00e9 de planchers de bois disponible.<\/p><p>Contrairement \u00e0 la moquette, un plancher de bois d\u2019une \u00e9paisseur de 3\/4\u2033 peut r\u00e9sister \u00e0 l\u2019usage et durer plus de 100 ans avec un minimum d\u2019entretien. Lorsque la finition s\u2019use ou est \u00e9rafl\u00e9e au fil du temps, vous pouvez sabler et refaire la <a href=\"\/fr\/finition-plancher\/\">finition de votre plancher<\/a>\u00a0pour le remettre \u00e0 neuf.<\/p><p>Avec toutes les vari\u00e9t\u00e9s et couleurs de planchers de bois franc qui sont disponibles aujourd\u2019hui, il est facile d\u2019en trouver un qui complimente les id\u00e9es de conception que vous avez. Le plancher de bois franc est \u00e9galement le seul rev\u00eatement de sol qui augmentera la valeur de votre maison. N\u2019h\u00e9sitez pas \u00e0 nous consulter pour vos planchers de bois franc.<\/p><\/div>\t\t\t\t\t\t<\/div>\r\n\t\t\t\t\t<\/div>\r\n\t\t\t\t<\/div>\r\n\t\t\t<\/div>\r\n\t\t\t\t\t\t\t\t\t\t\t\t\t\t\t\t<div class=\"jupiterx-single-advanced-accordion-wrapper  jx-ac-inactive\" id=\"\" >\r\n\t\t\t\t<div class=\"jx-single-accordion-header\">\r\n\t\t\t\t\t<div class=\"jx-single-accordion-header-left\">\r\n\t\t\t\t\t\t<div class=\"jx-single-accordion-header-icon-toggle-wrapper jx-single-accordion-header-icon-toggle-wrapper-hide\" >\r\n\t\t\t\t\t\t\t\t\t\t\t\t\t<\/div>\r\n\t\t\t\t\t\t<span class=\"jx-ac-title\">Quels sont les b\u00e9n\u00e9fices des planchers de bois franc pour la sant\u00e9?<\/span>\t\t\t\t\t<\/div>\r\n\t\t\t\t\t<div class=\"jx-single-accordion-header-right\">\r\n\t\t\t\t\t\t<i aria-hidden=\"true\" class=\"jx-ac-icon-body-closed jx-ac-toggle-icon fas fa-chevron-right\"><\/i><i aria-hidden=\"true\" class=\"jx-ac-icon-body-opened jx-ac-toggle-icon fas fa-chevron-down\"><\/i>\t\t\t\t\t<\/div>\r\n\t\t\t\t<\/div>\r\n\t\t\t\t<div class=\"jx-single-accordion-body  jx-ac-body-none\">\r\n\t\t\t\t\t<div class=\"jx-ac-content\">\r\n\t\t\t\t\t\t<div class=\"jx-ac-content-inner-wrapper\">\r\n\t\t\t\t\t\t\t<div class=\"jupiterx-ac-content-is-editor\">La moquette accumule de la poussi\u00e8re, la pellicule animale, les moisissures, les acariens, l\u2019urine des animaux domestiques, le pollen et autres irritants qui peuvent causer des difficult\u00e9s respiratoires et qui sont \u00e9galement nocifs pour les personnes souffrant d\u2019asthme ou d\u2019allergies. Un plancher de bois franc bien entretenu est extr\u00eamement r\u00e9sistant \u00e0 la p\u00e9n\u00e9tration des irritants.<\/div>\t\t\t\t\t\t<\/div>\r\n\t\t\t\t\t<\/div>\r\n\t\t\t\t<\/div>\r\n\t\t\t<\/div>\r\n\t\t\t\t\t\t\t\t\t\t\t\t\t\t\t\t<div class=\"jupiterx-single-advanced-accordion-wrapper  jx-ac-inactive\" id=\"\" >\r\n\t\t\t\t<div class=\"jx-single-accordion-header\">\r\n\t\t\t\t\t<div class=\"jx-single-accordion-header-left\">\r\n\t\t\t\t\t\t<div class=\"jx-single-accordion-header-icon-toggle-wrapper jx-single-accordion-header-icon-toggle-wrapper-hide\" >\r\n\t\t\t\t\t\t\t\t\t\t\t\t\t<\/div>\r\n\t\t\t\t\t\t<span class=\"jx-ac-title\">La pose de plancher de bois franc est conseill\u00e9e\/d\u00e9conseill\u00e9e pour quelles pi\u00e8ces de la maison?<\/span>\t\t\t\t\t<\/div>\r\n\t\t\t\t\t<div class=\"jx-single-accordion-header-right\">\r\n\t\t\t\t\t\t<i aria-hidden=\"true\" class=\"jx-ac-icon-body-closed jx-ac-toggle-icon fas fa-chevron-right\"><\/i><i aria-hidden=\"true\" class=\"jx-ac-icon-body-opened jx-ac-toggle-icon fas fa-chevron-down\"><\/i>\t\t\t\t\t<\/div>\r\n\t\t\t\t<\/div>\r\n\t\t\t\t<div class=\"jx-single-accordion-body  jx-ac-body-none\">\r\n\t\t\t\t\t<div class=\"jx-ac-content\">\r\n\t\t\t\t\t\t<div class=\"jx-ac-content-inner-wrapper\">\r\n\t\t\t\t\t\t\t<div class=\"jupiterx-ac-content-is-editor\"><p>Avec la vari\u00e9t\u00e9 de produits disponibles et un choix d\u2019options d\u2019installation, un plancher de bois franc peut \u00eatre install\u00e9 dans n\u2019importe quelle pi\u00e8ce sauf une salle de bain compl\u00e8te. Le seul facteur \u00e0 consid\u00e9rer est le niveau du plancher par rapport au sol : est-ce que le plancher sera install\u00e9 au-dessus, au-dessous ou au m\u00eame niveau que le sol. Par exemple, en raison de probl\u00e8mes potentiels d\u2019humidit\u00e9, le bois massif n\u2019est pas recommand\u00e9 pour les <em>poses de plancher<\/em>\u00a0au-dessous du sol, comme dans un sous-sol. Les produits usin\u00e9s, qui sont par nature ind\u00e9formables, sont de meilleurs choix pour ces zones.<\/p><\/div>\t\t\t\t\t\t<\/div>\r\n\t\t\t\t\t<\/div>\r\n\t\t\t\t<\/div>\r\n\t\t\t<\/div>\r\n\t\t\t\t\t\t\t\t\t\t\t\t\t\t\t\t<div class=\"jupiterx-single-advanced-accordion-wrapper  jx-ac-last  jx-ac-inactive\" id=\"\" >\r\n\t\t\t\t<div class=\"jx-single-accordion-header\">\r\n\t\t\t\t\t<div class=\"jx-single-accordion-header-left\">\r\n\t\t\t\t\t\t<div class=\"jx-single-accordion-header-icon-toggle-wrapper jx-single-accordion-header-icon-toggle-wrapper-hide\" >\r\n\t\t\t\t\t\t\t\t\t\t\t\t\t<\/div>\r\n\t\t\t\t\t\t<span class=\"jx-ac-title\">Est-ce qu&#039;il risque d&#039;y avoir des espaces entre les lattes de mon plancher?<\/span>\t\t\t\t\t<\/div>\r\n\t\t\t\t\t<div class=\"jx-single-accordion-header-right\">\r\n\t\t\t\t\t\t<i aria-hidden=\"true\" class=\"jx-ac-icon-body-closed jx-ac-toggle-icon fas fa-chevron-right\"><\/i><i aria-hidden=\"true\" class=\"jx-ac-icon-body-opened jx-ac-toggle-icon fas fa-chevron-down\"><\/i>\t\t\t\t\t<\/div>\r\n\t\t\t\t<\/div>\r\n\t\t\t\t<div class=\"jx-single-accordion-body  jx-ac-body-none\">\r\n\t\t\t\t\t<div class=\"jx-ac-content\">\r\n\t\t\t\t\t\t<div class=\"jx-ac-content-inner-wrapper\">\r\n\t\t\t\t\t\t\t<div class=\"jupiterx-ac-content-is-editor\"><p>Des espaces apparaissent fr\u00e9quemment dans les planchers. Ils sont dus \u00e0 la contraction et l\u2019expansion du bois, en particulier quand les planches sont plus larges. De petites fissures ne sont pas nuisibles au plancher et la plupart appara\u00eetront seulement avec la variation saisonni\u00e8re du niveau d\u2019humidit\u00e9. Afin de r\u00e9duire ou d\u2019\u00e9liminer les chances d\u2019avoir des fissures dans votre plancher, vous devez faire un effort pour maintenir un taux d\u2019humidit\u00e9 entre 45% et 55% tout au long de l\u2019ann\u00e9e. Un climatiseur ou un d\u00e9shumidificateur durant les mois humides d\u2019\u00e9t\u00e9 et un humidificateur durant les saisons s\u00e8ches aideront \u00e0 maintenir le niveau d\u2019humidit\u00e9 plus stable l\u2019ann\u00e9e longue.<\/p><\/div>\t\t\t\t\t\t<\/div>\r\n\t\t\t\t\t<\/div>\r\n\t\t\t\t<\/div>\r\n\t\t\t<\/div>\r\n\t\t\t\t\t\t\t\t\t\t\t<\/div>\r\n\t\t\t<\/div>\r\n\t\t\t\t\t\t\t<\/div>\n\t\t\t\t<\/div>\n\t\t\t\t\t<\/div>\n\t\t<\/div>\n\t\t\t\t\t<\/div>\n\t\t<\/section>\n\t\t\t\t<section class=\"elementor-section elementor-top-section elementor-element elementor-element-3fdd9cb elementor-section-boxed elementor-section-height-default elementor-section-height-default\" data-id=\"3fdd9cb\" data-element_type=\"section\" data-settings=\"{&quot;background_background&quot;:&quot;classic&quot;}\">\n\t\t\t\t\t\t<div class=\"elementor-container elementor-column-gap-default\">\n\t\t\t\t\t<div class=\"elementor-column elementor-col-100 elementor-top-column elementor-element elementor-element-ecc2cbf\" data-id=\"ecc2cbf\" data-element_type=\"column\">\n\t\t\t<div class=\"elementor-widget-wrap elementor-element-populated\">\n\t\t\t\t\t\t<div class=\"elementor-element elementor-element-8cfcea2 elementor-widget__width-initial elementor-widget-mobile__width-inherit elementor-widget elementor-widget-heading\" data-id=\"8cfcea2\" data-element_type=\"widget\" data-widget_type=\"heading.default\">\n\t\t\t\t<div class=\"elementor-widget-container\">\n\t\t\t\t\t<h2 class=\"elementor-heading-title elementor-size-default\">Des questions concernant l'installation de votre plancher de bois franc?<\/h2>\t\t\t\t<\/div>\n\t\t\t\t<\/div>\n\t\t\t\t<div class=\"elementor-element elementor-element-c276344 elementor-align-right elementor-widget__width-initial elementor-mobile-align-center elementor-widget-mobile__width-inherit elementor-widget elementor-widget-button\" data-id=\"c276344\" data-element_type=\"widget\" data-widget_type=\"button.default\">\n\t\t\t\t<div class=\"elementor-widget-container\">\n\t\t\t\t\t\t\t\t\t<div class=\"elementor-button-wrapper\">\n\t\t\t\t\t<a class=\"elementor-button elementor-button-link elementor-size-sm\" href=\"\/fr\/contact-finition-plancher-bois-montreal\/\">\n\t\t\t\t\t\t<span class=\"elementor-button-content-wrapper\">\n\t\t\t\t\t\t\t\t\t<span class=\"elementor-button-text\">Contacter les experts de Planchers International<\/span>\n\t\t\t\t\t<\/span>\n\t\t\t\t\t<\/a>\n\t\t\t\t<\/div>\n\t\t\t\t\t\t\t\t<\/div>\n\t\t\t\t<\/div>\n\t\t\t\t\t<\/div>\n\t\t<\/div>\n\t\t\t\t\t<\/div>\n\t\t<\/section>\n\t\t\t\t<\/div>\n\t\t","protected":false},"excerpt":{"rendered":"<p>Installation de plancher de bois franc et flottant \u00e0 Montr\u00e9al et environs Contacter les experts Installateurs de plancher exp\u00e9riment\u00e9s L\u2019\u00e9quipe de Planchers International propose l\u2019installation de plancher de bois franc dans le Grand Montr\u00e9al. Le service inclut \u00e9galement le retrait de l\u2019ancien plancher, qu\u2019il s\u2019agisse de tapis, de tuiles ou de bois. Vous songez \u00e0 [&hellip;]<\/p>\n","protected":false},"author":2,"featured_media":0,"parent":0,"menu_order":0,"comment_status":"closed","ping_status":"closed","template":"elementor_header_footer","meta":{"_acf_changed":false,"footnotes":""},"class_list":["post-1618","page","type-page","status-publish","hentry"],"acf":[],"yoast_head":"<!-- This site is optimized with the Yoast SEO plugin v27.4 - https:\/\/yoast.com\/product\/yoast-seo-wordpress\/ -->\n<title>Installation Plancher Bois Franc et Flottant | Planchers International<\/title>\n<meta name=\"description\" content=\"Nous sommes la r\u00e9f\u00e9rence pour l&#039;installation de planchers \u00e0 Montr\u00e9al et environs: bois franc, plancher flottant, vinyle. Soumission gratuite!\" \/>\n<meta name=\"robots\" content=\"index, follow, max-snippet:-1, max-image-preview:large, max-video-preview:-1\" \/>\n<link rel=\"canonical\" href=\"https:\/\/internationalfloors.ca\/fr\/installation-plancher-bois-franc\/\" \/>\n<meta property=\"og:locale\" content=\"fr_CA\" \/>\n<meta property=\"og:type\" content=\"article\" \/>\n<meta property=\"og:title\" content=\"Installation Plancher Bois Franc et Flottant | Planchers International\" \/>\n<meta property=\"og:description\" content=\"Nous sommes la r\u00e9f\u00e9rence pour l&#039;installation de planchers \u00e0 Montr\u00e9al et environs: bois franc, plancher flottant, vinyle. Soumission gratuite!\" \/>\n<meta property=\"og:url\" content=\"https:\/\/internationalfloors.ca\/fr\/installation-plancher-bois-franc\/\" \/>\n<meta property=\"og:site_name\" content=\"International Floors\" \/>\n<meta property=\"article:modified_time\" content=\"2023-10-31T13:05:00+00:00\" \/>\n<meta property=\"og:image\" content=\"https:\/\/internationalfloors.ca\/wp-content\/uploads\/elementor\/thumbs\/new-hardwood-floor-installation-qbop0gcy94sou0uw7f4fwoh2er9gbblqe7ylgienv6.jpg\" \/>\n<meta name=\"twitter:card\" content=\"summary_large_image\" \/>\n<meta name=\"twitter:label1\" content=\"Estimation du temps de lecture\" \/>\n\t<meta name=\"twitter:data1\" content=\"5 minutes\" \/>\n<script type=\"application\/ld+json\" class=\"yoast-schema-graph\">{\"@context\":\"https:\\\/\\\/schema.org\",\"@graph\":[{\"@type\":\"WebPage\",\"@id\":\"https:\\\/\\\/internationalfloors.ca\\\/fr\\\/installation-plancher-bois-franc\\\/\",\"url\":\"https:\\\/\\\/internationalfloors.ca\\\/fr\\\/installation-plancher-bois-franc\\\/\",\"name\":\"Installation Plancher Bois Franc et Flottant | Planchers International\",\"isPartOf\":{\"@id\":\"https:\\\/\\\/internationalfloors.ca\\\/fr\\\/#website\"},\"primaryImageOfPage\":{\"@id\":\"https:\\\/\\\/internationalfloors.ca\\\/fr\\\/installation-plancher-bois-franc\\\/#primaryimage\"},\"image\":{\"@id\":\"https:\\\/\\\/internationalfloors.ca\\\/fr\\\/installation-plancher-bois-franc\\\/#primaryimage\"},\"thumbnailUrl\":\"https:\\\/\\\/internationalfloors.ca\\\/wp-content\\\/uploads\\\/elementor\\\/thumbs\\\/new-hardwood-floor-installation-qbop0gcy94sou0uw7f4fwoh2er9gbblqe7ylgienv6.jpg\",\"datePublished\":\"2023-09-28T17:40:16+00:00\",\"dateModified\":\"2023-10-31T13:05:00+00:00\",\"description\":\"Nous sommes la r\u00e9f\u00e9rence pour l'installation de planchers \u00e0 Montr\u00e9al et environs: bois franc, plancher flottant, vinyle. Soumission gratuite!\",\"breadcrumb\":{\"@id\":\"https:\\\/\\\/internationalfloors.ca\\\/fr\\\/installation-plancher-bois-franc\\\/#breadcrumb\"},\"inLanguage\":\"fr-CA\",\"potentialAction\":[{\"@type\":\"ReadAction\",\"target\":[\"https:\\\/\\\/internationalfloors.ca\\\/fr\\\/installation-plancher-bois-franc\\\/\"]}]},{\"@type\":\"ImageObject\",\"inLanguage\":\"fr-CA\",\"@id\":\"https:\\\/\\\/internationalfloors.ca\\\/fr\\\/installation-plancher-bois-franc\\\/#primaryimage\",\"url\":\"https:\\\/\\\/internationalfloors.ca\\\/wp-content\\\/uploads\\\/elementor\\\/thumbs\\\/new-hardwood-floor-installation-qbop0gcy94sou0uw7f4fwoh2er9gbblqe7ylgienv6.jpg\",\"contentUrl\":\"https:\\\/\\\/internationalfloors.ca\\\/wp-content\\\/uploads\\\/elementor\\\/thumbs\\\/new-hardwood-floor-installation-qbop0gcy94sou0uw7f4fwoh2er9gbblqe7ylgienv6.jpg\"},{\"@type\":\"BreadcrumbList\",\"@id\":\"https:\\\/\\\/internationalfloors.ca\\\/fr\\\/installation-plancher-bois-franc\\\/#breadcrumb\",\"itemListElement\":[{\"@type\":\"ListItem\",\"position\":1,\"name\":\"Home\",\"item\":\"https:\\\/\\\/internationalfloors.ca\\\/fr\\\/\"},{\"@type\":\"ListItem\",\"position\":2,\"name\":\"Installation\"}]},{\"@type\":\"WebSite\",\"@id\":\"https:\\\/\\\/internationalfloors.ca\\\/fr\\\/#website\",\"url\":\"https:\\\/\\\/internationalfloors.ca\\\/fr\\\/\",\"name\":\"International Floors\",\"description\":\"\",\"potentialAction\":[{\"@type\":\"SearchAction\",\"target\":{\"@type\":\"EntryPoint\",\"urlTemplate\":\"https:\\\/\\\/internationalfloors.ca\\\/fr\\\/?s={search_term_string}\"},\"query-input\":{\"@type\":\"PropertyValueSpecification\",\"valueRequired\":true,\"valueName\":\"search_term_string\"}}],\"inLanguage\":\"fr-CA\"}]}<\/script>\n<!-- \/ Yoast SEO plugin. -->","yoast_head_json":{"title":"Installation Plancher Bois Franc et Flottant | Planchers International","description":"Nous sommes la r\u00e9f\u00e9rence pour l'installation de planchers \u00e0 Montr\u00e9al et environs: bois franc, plancher flottant, vinyle. Soumission gratuite!","robots":{"index":"index","follow":"follow","max-snippet":"max-snippet:-1","max-image-preview":"max-image-preview:large","max-video-preview":"max-video-preview:-1"},"canonical":"https:\/\/internationalfloors.ca\/fr\/installation-plancher-bois-franc\/","og_locale":"fr_CA","og_type":"article","og_title":"Installation Plancher Bois Franc et Flottant | Planchers International","og_description":"Nous sommes la r\u00e9f\u00e9rence pour l'installation de planchers \u00e0 Montr\u00e9al et environs: bois franc, plancher flottant, vinyle. Soumission gratuite!","og_url":"https:\/\/internationalfloors.ca\/fr\/installation-plancher-bois-franc\/","og_site_name":"International Floors","article_modified_time":"2023-10-31T13:05:00+00:00","og_image":[{"url":"https:\/\/internationalfloors.ca\/wp-content\/uploads\/elementor\/thumbs\/new-hardwood-floor-installation-qbop0gcy94sou0uw7f4fwoh2er9gbblqe7ylgienv6.jpg","type":"","width":"","height":""}],"twitter_card":"summary_large_image","twitter_misc":{"Estimation du temps de lecture":"5 minutes"},"schema":{"@context":"https:\/\/schema.org","@graph":[{"@type":"WebPage","@id":"https:\/\/internationalfloors.ca\/fr\/installation-plancher-bois-franc\/","url":"https:\/\/internationalfloors.ca\/fr\/installation-plancher-bois-franc\/","name":"Installation Plancher Bois Franc et Flottant | Planchers International","isPartOf":{"@id":"https:\/\/internationalfloors.ca\/fr\/#website"},"primaryImageOfPage":{"@id":"https:\/\/internationalfloors.ca\/fr\/installation-plancher-bois-franc\/#primaryimage"},"image":{"@id":"https:\/\/internationalfloors.ca\/fr\/installation-plancher-bois-franc\/#primaryimage"},"thumbnailUrl":"https:\/\/internationalfloors.ca\/wp-content\/uploads\/elementor\/thumbs\/new-hardwood-floor-installation-qbop0gcy94sou0uw7f4fwoh2er9gbblqe7ylgienv6.jpg","datePublished":"2023-09-28T17:40:16+00:00","dateModified":"2023-10-31T13:05:00+00:00","description":"Nous sommes la r\u00e9f\u00e9rence pour l'installation de planchers \u00e0 Montr\u00e9al et environs: bois franc, plancher flottant, vinyle. Soumission gratuite!","breadcrumb":{"@id":"https:\/\/internationalfloors.ca\/fr\/installation-plancher-bois-franc\/#breadcrumb"},"inLanguage":"fr-CA","potentialAction":[{"@type":"ReadAction","target":["https:\/\/internationalfloors.ca\/fr\/installation-plancher-bois-franc\/"]}]},{"@type":"ImageObject","inLanguage":"fr-CA","@id":"https:\/\/internationalfloors.ca\/fr\/installation-plancher-bois-franc\/#primaryimage","url":"https:\/\/internationalfloors.ca\/wp-content\/uploads\/elementor\/thumbs\/new-hardwood-floor-installation-qbop0gcy94sou0uw7f4fwoh2er9gbblqe7ylgienv6.jpg","contentUrl":"https:\/\/internationalfloors.ca\/wp-content\/uploads\/elementor\/thumbs\/new-hardwood-floor-installation-qbop0gcy94sou0uw7f4fwoh2er9gbblqe7ylgienv6.jpg"},{"@type":"BreadcrumbList","@id":"https:\/\/internationalfloors.ca\/fr\/installation-plancher-bois-franc\/#breadcrumb","itemListElement":[{"@type":"ListItem","position":1,"name":"Home","item":"https:\/\/internationalfloors.ca\/fr\/"},{"@type":"ListItem","position":2,"name":"Installation"}]},{"@type":"WebSite","@id":"https:\/\/internationalfloors.ca\/fr\/#website","url":"https:\/\/internationalfloors.ca\/fr\/","name":"International Floors","description":"","potentialAction":[{"@type":"SearchAction","target":{"@type":"EntryPoint","urlTemplate":"https:\/\/internationalfloors.ca\/fr\/?s={search_term_string}"},"query-input":{"@type":"PropertyValueSpecification","valueRequired":true,"valueName":"search_term_string"}}],"inLanguage":"fr-CA"}]}},"_links":{"self":[{"href":"https:\/\/internationalfloors.ca\/fr\/wp-json\/wp\/v2\/pages\/1618","targetHints":{"allow":["GET"]}}],"collection":[{"href":"https:\/\/internationalfloors.ca\/fr\/wp-json\/wp\/v2\/pages"}],"about":[{"href":"https:\/\/internationalfloors.ca\/fr\/wp-json\/wp\/v2\/types\/page"}],"author":[{"embeddable":true,"href":"https:\/\/internationalfloors.ca\/fr\/wp-json\/wp\/v2\/users\/2"}],"replies":[{"embeddable":true,"href":"https:\/\/internationalfloors.ca\/fr\/wp-json\/wp\/v2\/comments?post=1618"}],"version-history":[{"count":5,"href":"https:\/\/internationalfloors.ca\/fr\/wp-json\/wp\/v2\/pages\/1618\/revisions"}],"predecessor-version":[{"id":1681,"href":"https:\/\/internationalfloors.ca\/fr\/wp-json\/wp\/v2\/pages\/1618\/revisions\/1681"}],"wp:attachment":[{"href":"https:\/\/internationalfloors.ca\/fr\/wp-json\/wp\/v2\/media?parent=1618"}],"curies":[{"name":"wp","href":"https:\/\/api.w.org\/{rel}","templated":true}]}}