{"id":1617,"date":"2023-09-22T08:04:43","date_gmt":"2023-09-22T12:04:43","guid":{"rendered":"https:\/\/internationalfloors.ca\/hardwood-floor-refinishing\/"},"modified":"2023-10-31T08:07:28","modified_gmt":"2023-10-31T12:07:28","slug":"finition-plancher","status":"publish","type":"page","link":"https:\/\/internationalfloors.ca\/fr\/finition-plancher\/","title":{"rendered":"Planchers"},"content":{"rendered":"\t\t<div data-elementor-type=\"wp-page\" data-elementor-id=\"1617\" class=\"elementor elementor-1617\">\n\t\t\t\t\t\t<section class=\"elementor-section elementor-top-section elementor-element elementor-element-b48b683 elementor-section-height-min-height elementor-section-boxed elementor-section-height-default elementor-section-items-middle\" data-id=\"b48b683\" data-element_type=\"section\" data-settings=\"{&quot;background_background&quot;:&quot;classic&quot;}\">\n\t\t\t\t\t\t\t<div class=\"elementor-background-overlay\"><\/div>\n\t\t\t\t\t\t\t<div class=\"elementor-container elementor-column-gap-default\">\n\t\t\t\t\t<div class=\"elementor-column elementor-col-100 elementor-top-column elementor-element elementor-element-b0f9636\" data-id=\"b0f9636\" data-element_type=\"column\">\n\t\t\t<div class=\"elementor-widget-wrap elementor-element-populated\">\n\t\t\t\t\t\t<div class=\"elementor-element elementor-element-b938bc9 elementor-widget elementor-widget-heading\" data-id=\"b938bc9\" data-element_type=\"widget\" data-widget_type=\"heading.default\">\n\t\t\t\t<div class=\"elementor-widget-container\">\n\t\t\t\t\t<h1 class=\"elementor-heading-title elementor-size-default\">Finition de plancher de bois franc \u00e0 Montr\u00e9al et environs<\/h1>\t\t\t\t<\/div>\n\t\t\t\t<\/div>\n\t\t\t\t<div class=\"elementor-element elementor-element-8ede285 elementor-widget__width-auto elementor-widget elementor-widget-button\" data-id=\"8ede285\" data-element_type=\"widget\" data-widget_type=\"button.default\">\n\t\t\t\t<div class=\"elementor-widget-container\">\n\t\t\t\t\t\t\t\t\t<div class=\"elementor-button-wrapper\">\n\t\t\t\t\t<a class=\"elementor-button elementor-button-link elementor-size-sm\" href=\"\/fr\/contact-finition-plancher-bois-montreal\/\">\n\t\t\t\t\t\t<span class=\"elementor-button-content-wrapper\">\n\t\t\t\t\t\t\t\t\t<span class=\"elementor-button-text\">Demander une soumission<\/span>\n\t\t\t\t\t<\/span>\n\t\t\t\t\t<\/a>\n\t\t\t\t<\/div>\n\t\t\t\t\t\t\t\t<\/div>\n\t\t\t\t<\/div>\n\t\t\t\t\t<\/div>\n\t\t<\/div>\n\t\t\t\t\t<\/div>\n\t\t<\/section>\n\t\t\t\t<section class=\"elementor-section elementor-top-section elementor-element elementor-element-2753515 elementor-section-boxed elementor-section-height-default elementor-section-height-default\" data-id=\"2753515\" data-element_type=\"section\">\n\t\t\t\t\t\t<div class=\"elementor-container elementor-column-gap-default\">\n\t\t\t\t\t<div class=\"elementor-column elementor-col-100 elementor-top-column elementor-element elementor-element-4c1f56c\" data-id=\"4c1f56c\" data-element_type=\"column\">\n\t\t\t<div class=\"elementor-widget-wrap elementor-element-populated\">\n\t\t\t\t\t\t<div class=\"elementor-element elementor-element-2f4d96d elementor-widget__width-initial elementor-widget-mobile__width-inherit elementor-widget elementor-widget-heading\" data-id=\"2f4d96d\" data-element_type=\"widget\" data-widget_type=\"heading.default\">\n\t\t\t\t<div class=\"elementor-widget-container\">\n\t\t\t\t\t<h2 class=\"elementor-heading-title elementor-size-default\">Services professionnels de finition de plancher<\/h2>\t\t\t\t<\/div>\n\t\t\t\t<\/div>\n\t\t\t\t<section class=\"elementor-section elementor-inner-section elementor-element elementor-element-62c49d5 elementor-section-boxed elementor-section-height-default elementor-section-height-default\" data-id=\"62c49d5\" data-element_type=\"section\">\n\t\t\t\t\t\t<div class=\"elementor-container elementor-column-gap-default\">\n\t\t\t\t\t<div class=\"elementor-column elementor-col-25 elementor-inner-column elementor-element elementor-element-2453539\" data-id=\"2453539\" data-element_type=\"column\" data-settings=\"{&quot;animation&quot;:&quot;none&quot;}\">\n\t\t\t<div class=\"elementor-widget-wrap elementor-element-populated\">\n\t\t\t\t\t\t<div class=\"elementor-element elementor-element-c421ba5 elementor-position-top elementor-widget elementor-widget-image-box\" data-id=\"c421ba5\" data-element_type=\"widget\" data-widget_type=\"image-box.default\">\n\t\t\t\t<div class=\"elementor-widget-container\">\n\t\t\t\t\t<div class=\"elementor-image-box-wrapper\"><figure class=\"elementor-image-box-img\"><a href=\"\/fr\/sablage-plancher-bois-franc\/\" tabindex=\"-1\"><img fetchpriority=\"high\" decoding=\"async\" width=\"800\" height=\"533\" src=\"https:\/\/internationalfloors.ca\/wp-content\/uploads\/floor-sanding.jpg\" class=\"attachment-full size-full wp-image-1275\" alt=\"hardwood floor sanding\" srcset=\"https:\/\/internationalfloors.ca\/wp-content\/uploads\/floor-sanding.jpg 800w, https:\/\/internationalfloors.ca\/wp-content\/uploads\/floor-sanding-600x400.jpg 600w\" sizes=\"(max-width: 800px) 100vw, 800px\" \/><\/a><\/figure><div class=\"elementor-image-box-content\"><h3 class=\"elementor-image-box-title\"><a href=\"\/fr\/sablage-plancher-bois-franc\/\">Sablage de plancher de bois<\/a><\/h3><p class=\"elementor-image-box-description\">Nous utilisons des machines de pon\u00e7age de pointe ainsi que des m\u00e9thodes de r\u00e9novation traditionnelles pour redonner \u00e0 votre plancher de bois franc son \u00e9tat d'origine.<\/p><\/div><\/div>\t\t\t\t<\/div>\n\t\t\t\t<\/div>\n\t\t\t\t<div class=\"elementor-element elementor-element-9442d7f elementor-widget elementor-widget-button\" data-id=\"9442d7f\" data-element_type=\"widget\" data-widget_type=\"button.default\">\n\t\t\t\t<div class=\"elementor-widget-container\">\n\t\t\t\t\t\t\t\t\t<div class=\"elementor-button-wrapper\">\n\t\t\t\t\t<a class=\"elementor-button elementor-button-link elementor-size-sm\" href=\"\/fr\/sablage-plancher-bois-franc\/\">\n\t\t\t\t\t\t<span class=\"elementor-button-content-wrapper\">\n\t\t\t\t\t\t\t\t\t<span class=\"elementor-button-text\">En savoir plus<\/span>\n\t\t\t\t\t<\/span>\n\t\t\t\t\t<\/a>\n\t\t\t\t<\/div>\n\t\t\t\t\t\t\t\t<\/div>\n\t\t\t\t<\/div>\n\t\t\t\t\t<\/div>\n\t\t<\/div>\n\t\t\t\t<div class=\"elementor-column elementor-col-25 elementor-inner-column elementor-element elementor-element-bcc6f65\" data-id=\"bcc6f65\" data-element_type=\"column\" data-settings=\"{&quot;animation&quot;:&quot;none&quot;}\">\n\t\t\t<div class=\"elementor-widget-wrap elementor-element-populated\">\n\t\t\t\t\t\t<div class=\"elementor-element elementor-element-127f894 elementor-position-top elementor-widget elementor-widget-image-box\" data-id=\"127f894\" data-element_type=\"widget\" data-widget_type=\"image-box.default\">\n\t\t\t\t<div class=\"elementor-widget-container\">\n\t\t\t\t\t<div class=\"elementor-image-box-wrapper\"><figure class=\"elementor-image-box-img\"><a href=\"\/fr\/reparation-plancher-bois\/\" tabindex=\"-1\"><img decoding=\"async\" width=\"800\" height=\"533\" src=\"https:\/\/internationalfloors.ca\/wp-content\/uploads\/hardwood-floor-repair.jpg\" class=\"attachment-full size-full wp-image-1277\" alt=\"hardwood floor repair\" srcset=\"https:\/\/internationalfloors.ca\/wp-content\/uploads\/hardwood-floor-repair.jpg 800w, https:\/\/internationalfloors.ca\/wp-content\/uploads\/hardwood-floor-repair-600x400.jpg 600w\" sizes=\"(max-width: 800px) 100vw, 800px\" \/><\/a><\/figure><div class=\"elementor-image-box-content\"><h3 class=\"elementor-image-box-title\"><a href=\"\/fr\/reparation-plancher-bois\/\">R\u00e9paration de plancher de bois<\/a><\/h3><p class=\"elementor-image-box-description\">Chez Planchers International, nous proposons des services de r\u00e9paration de plancher, escaliers ou planches de parquet endommag\u00e9s avant de lancer les travaux de sablage.<\/p><\/div><\/div>\t\t\t\t<\/div>\n\t\t\t\t<\/div>\n\t\t\t\t<div class=\"elementor-element elementor-element-cc374b3 elementor-widget elementor-widget-button\" data-id=\"cc374b3\" data-element_type=\"widget\" data-widget_type=\"button.default\">\n\t\t\t\t<div class=\"elementor-widget-container\">\n\t\t\t\t\t\t\t\t\t<div class=\"elementor-button-wrapper\">\n\t\t\t\t\t<a class=\"elementor-button elementor-button-link elementor-size-sm\" href=\"\/fr\/reparation-plancher-bois\/\">\n\t\t\t\t\t\t<span class=\"elementor-button-content-wrapper\">\n\t\t\t\t\t\t\t\t\t<span class=\"elementor-button-text\">En savoir plus<\/span>\n\t\t\t\t\t<\/span>\n\t\t\t\t\t<\/a>\n\t\t\t\t<\/div>\n\t\t\t\t\t\t\t\t<\/div>\n\t\t\t\t<\/div>\n\t\t\t\t\t<\/div>\n\t\t<\/div>\n\t\t\t\t<div class=\"elementor-column elementor-col-25 elementor-inner-column elementor-element elementor-element-a58cf2b\" data-id=\"a58cf2b\" data-element_type=\"column\" data-settings=\"{&quot;animation&quot;:&quot;none&quot;}\">\n\t\t\t<div class=\"elementor-widget-wrap elementor-element-populated\">\n\t\t\t\t\t\t<div class=\"elementor-element elementor-element-95d8acc elementor-position-top elementor-widget elementor-widget-image-box\" data-id=\"95d8acc\" data-element_type=\"widget\" data-widget_type=\"image-box.default\">\n\t\t\t\t<div class=\"elementor-widget-container\">\n\t\t\t\t\t<div class=\"elementor-image-box-wrapper\"><figure class=\"elementor-image-box-img\"><a href=\"https:\/\/internationalfloors.ca\/fr\/teinture-vernis-planchers-bois\/\" tabindex=\"-1\"><img decoding=\"async\" width=\"800\" height=\"533\" src=\"https:\/\/internationalfloors.ca\/wp-content\/uploads\/floor-staining-varnihing-bona.jpg\" class=\"attachment-full size-full wp-image-1279\" alt=\"floor staining and varnishing with Bona products\" srcset=\"https:\/\/internationalfloors.ca\/wp-content\/uploads\/floor-staining-varnihing-bona.jpg 800w, https:\/\/internationalfloors.ca\/wp-content\/uploads\/floor-staining-varnihing-bona-600x400.jpg 600w\" sizes=\"(max-width: 800px) 100vw, 800px\" \/><\/a><\/figure><div class=\"elementor-image-box-content\"><h3 class=\"elementor-image-box-title\"><a href=\"https:\/\/internationalfloors.ca\/fr\/teinture-vernis-planchers-bois\/\">Teinture et vernissage de plancher<\/a><\/h3><p class=\"elementor-image-box-description\">Nous proposons des services de teinture et de vernissage, en utilisant les produits Bona et Duraseal, inodores et sans danger pour vous et votre famille.<\/p><\/div><\/div>\t\t\t\t<\/div>\n\t\t\t\t<\/div>\n\t\t\t\t<div class=\"elementor-element elementor-element-25b2003 elementor-widget elementor-widget-button\" data-id=\"25b2003\" data-element_type=\"widget\" data-widget_type=\"button.default\">\n\t\t\t\t<div class=\"elementor-widget-container\">\n\t\t\t\t\t\t\t\t\t<div class=\"elementor-button-wrapper\">\n\t\t\t\t\t<a class=\"elementor-button elementor-button-link elementor-size-sm\" href=\"https:\/\/internationalfloors.ca\/fr\/teinture-vernis-planchers-bois\/\">\n\t\t\t\t\t\t<span class=\"elementor-button-content-wrapper\">\n\t\t\t\t\t\t\t\t\t<span class=\"elementor-button-text\">En savoir plus<\/span>\n\t\t\t\t\t<\/span>\n\t\t\t\t\t<\/a>\n\t\t\t\t<\/div>\n\t\t\t\t\t\t\t\t<\/div>\n\t\t\t\t<\/div>\n\t\t\t\t\t<\/div>\n\t\t<\/div>\n\t\t\t\t<div class=\"elementor-column elementor-col-25 elementor-inner-column elementor-element elementor-element-489b5a4\" data-id=\"489b5a4\" data-element_type=\"column\" data-settings=\"{&quot;animation&quot;:&quot;none&quot;}\">\n\t\t\t<div class=\"elementor-widget-wrap elementor-element-populated\">\n\t\t\t\t\t\t<div class=\"elementor-element elementor-element-1fa66f0 elementor-position-top elementor-widget elementor-widget-image-box\" data-id=\"1fa66f0\" data-element_type=\"widget\" data-widget_type=\"image-box.default\">\n\t\t\t\t<div class=\"elementor-widget-container\">\n\t\t\t\t\t<div class=\"elementor-image-box-wrapper\"><figure class=\"elementor-image-box-img\"><a href=\"\/fr\/installation-plancher-bois-franc\/\" tabindex=\"-1\"><img loading=\"lazy\" decoding=\"async\" width=\"800\" height=\"533\" src=\"https:\/\/internationalfloors.ca\/wp-content\/uploads\/new-hardwood-floor-installation.jpg\" class=\"attachment-full size-full wp-image-1281\" alt=\"hardwood floor installation\" srcset=\"https:\/\/internationalfloors.ca\/wp-content\/uploads\/new-hardwood-floor-installation.jpg 800w, https:\/\/internationalfloors.ca\/wp-content\/uploads\/new-hardwood-floor-installation-600x400.jpg 600w\" sizes=\"(max-width: 800px) 100vw, 800px\" \/><\/a><\/figure><div class=\"elementor-image-box-content\"><h3 class=\"elementor-image-box-title\"><a href=\"\/fr\/installation-plancher-bois-franc\/\">Installation de couvre-plancher<\/a><\/h3><p class=\"elementor-image-box-description\">Notre \u00e9quipe installe principalement des planchers de bois franc, mais nous offrons \u00e9galement l'installation d'autres rev\u00eatements de sol, comme les planchers flottants ou le vinyle.<\/p><\/div><\/div>\t\t\t\t<\/div>\n\t\t\t\t<\/div>\n\t\t\t\t<div class=\"elementor-element elementor-element-43a2e76 elementor-widget elementor-widget-button\" data-id=\"43a2e76\" data-element_type=\"widget\" data-widget_type=\"button.default\">\n\t\t\t\t<div class=\"elementor-widget-container\">\n\t\t\t\t\t\t\t\t\t<div class=\"elementor-button-wrapper\">\n\t\t\t\t\t<a class=\"elementor-button elementor-button-link elementor-size-sm\" href=\"\/fr\/installation-plancher-bois-franc\/\">\n\t\t\t\t\t\t<span class=\"elementor-button-content-wrapper\">\n\t\t\t\t\t\t\t\t\t<span class=\"elementor-button-text\">En savoir plus<\/span>\n\t\t\t\t\t<\/span>\n\t\t\t\t\t<\/a>\n\t\t\t\t<\/div>\n\t\t\t\t\t\t\t\t<\/div>\n\t\t\t\t<\/div>\n\t\t\t\t\t<\/div>\n\t\t<\/div>\n\t\t\t\t\t<\/div>\n\t\t<\/section>\n\t\t\t\t\t<\/div>\n\t\t<\/div>\n\t\t\t\t\t<\/div>\n\t\t<\/section>\n\t\t\t\t<section class=\"elementor-section elementor-top-section elementor-element elementor-element-c92711d elementor-section-boxed elementor-section-height-default elementor-section-height-default\" data-id=\"c92711d\" data-element_type=\"section\">\n\t\t\t\t\t\t<div class=\"elementor-container elementor-column-gap-default\">\n\t\t\t\t\t<div class=\"elementor-column elementor-col-100 elementor-top-column elementor-element elementor-element-76dfb24\" data-id=\"76dfb24\" data-element_type=\"column\">\n\t\t\t<div class=\"elementor-widget-wrap elementor-element-populated\">\n\t\t\t\t\t\t<div class=\"elementor-element elementor-element-553bc54 elementor-widget elementor-widget-heading\" data-id=\"553bc54\" data-element_type=\"widget\" data-widget_type=\"heading.default\">\n\t\t\t\t<div class=\"elementor-widget-container\">\n\t\t\t\t\t<h2 class=\"elementor-heading-title elementor-size-default\">Constatez ce que nous pouvons faire pour vos planchers<\/h2>\t\t\t\t<\/div>\n\t\t\t\t<\/div>\n\t\t\t\t<section class=\"elementor-section elementor-inner-section elementor-element elementor-element-0c669a5 elementor-section-boxed elementor-section-height-default elementor-section-height-default\" data-id=\"0c669a5\" data-element_type=\"section\">\n\t\t\t\t\t\t<div class=\"elementor-container elementor-column-gap-default\">\n\t\t\t\t\t<div class=\"elementor-column elementor-col-50 elementor-inner-column elementor-element elementor-element-1436606\" data-id=\"1436606\" data-element_type=\"column\">\n\t\t\t<div class=\"elementor-widget-wrap elementor-element-populated\">\n\t\t\t\t\t\t<div class=\"elementor-element elementor-element-03d5e5e elementor-widget elementor-widget-image\" data-id=\"03d5e5e\" data-element_type=\"widget\" data-widget_type=\"image.default\">\n\t\t\t\t<div class=\"elementor-widget-container\">\n\t\t\t\t\t\t\t\t\t\t\t\t<figure class=\"wp-caption\">\n\t\t\t\t\t\t\t\t\t\t<img loading=\"lazy\" decoding=\"async\" width=\"720\" height=\"480\" src=\"https:\/\/internationalfloors.ca\/wp-content\/uploads\/old-flooring-montreal-before-sanding-opt-720x480-1.jpg\" class=\"attachment-full size-full wp-image-1357\" alt=\"refinishing old hardwood floor - before\" srcset=\"https:\/\/internationalfloors.ca\/wp-content\/uploads\/old-flooring-montreal-before-sanding-opt-720x480-1.jpg 720w, https:\/\/internationalfloors.ca\/wp-content\/uploads\/old-flooring-montreal-before-sanding-opt-720x480-1-600x400.jpg 600w\" sizes=\"(max-width: 720px) 100vw, 720px\" \/>\t\t\t\t\t\t\t\t\t\t\t<figcaption class=\"widget-image-caption wp-caption-text\">AVANT<\/figcaption>\n\t\t\t\t\t\t\t\t\t\t<\/figure>\n\t\t\t\t\t\t\t\t\t<\/div>\n\t\t\t\t<\/div>\n\t\t\t\t\t<\/div>\n\t\t<\/div>\n\t\t\t\t<div class=\"elementor-column elementor-col-50 elementor-inner-column elementor-element elementor-element-eed573e\" data-id=\"eed573e\" data-element_type=\"column\">\n\t\t\t<div class=\"elementor-widget-wrap elementor-element-populated\">\n\t\t\t\t\t\t<div class=\"elementor-element elementor-element-24460a3 elementor-widget elementor-widget-image\" data-id=\"24460a3\" data-element_type=\"widget\" data-widget_type=\"image.default\">\n\t\t\t\t<div class=\"elementor-widget-container\">\n\t\t\t\t\t\t\t\t\t\t\t\t<figure class=\"wp-caption\">\n\t\t\t\t\t\t\t\t\t\t<img loading=\"lazy\" decoding=\"async\" width=\"720\" height=\"480\" src=\"https:\/\/internationalfloors.ca\/wp-content\/uploads\/old-flooring-montreal-after-sanding-refinishing-opt-720x480-1.jpg\" class=\"attachment-full size-full wp-image-1355\" alt=\"refinishing old hardwood floor - after\" srcset=\"https:\/\/internationalfloors.ca\/wp-content\/uploads\/old-flooring-montreal-after-sanding-refinishing-opt-720x480-1.jpg 720w, https:\/\/internationalfloors.ca\/wp-content\/uploads\/old-flooring-montreal-after-sanding-refinishing-opt-720x480-1-600x400.jpg 600w\" sizes=\"(max-width: 720px) 100vw, 720px\" \/>\t\t\t\t\t\t\t\t\t\t\t<figcaption class=\"widget-image-caption wp-caption-text\">APR\u00c8S<\/figcaption>\n\t\t\t\t\t\t\t\t\t\t<\/figure>\n\t\t\t\t\t\t\t\t\t<\/div>\n\t\t\t\t<\/div>\n\t\t\t\t\t<\/div>\n\t\t<\/div>\n\t\t\t\t\t<\/div>\n\t\t<\/section>\n\t\t\t\t\t<\/div>\n\t\t<\/div>\n\t\t\t\t\t<\/div>\n\t\t<\/section>\n\t\t\t\t<section class=\"elementor-section elementor-top-section elementor-element elementor-element-675aef5 elementor-section-height-min-height elementor-section-boxed elementor-section-height-default elementor-section-items-middle\" data-id=\"675aef5\" data-element_type=\"section\" data-settings=\"{&quot;background_background&quot;:&quot;classic&quot;}\">\n\t\t\t\t\t\t<div class=\"elementor-container elementor-column-gap-default\">\n\t\t\t\t\t<div class=\"elementor-column elementor-col-50 elementor-top-column elementor-element elementor-element-b053fe0\" data-id=\"b053fe0\" data-element_type=\"column\" data-settings=\"{&quot;background_background&quot;:&quot;classic&quot;}\">\n\t\t\t<div class=\"elementor-widget-wrap elementor-element-populated\">\n\t\t\t\t\t\t<div class=\"elementor-element elementor-element-2aea11d elementor-widget elementor-widget-heading\" data-id=\"2aea11d\" data-element_type=\"widget\" data-widget_type=\"heading.default\">\n\t\t\t\t<div class=\"elementor-widget-container\">\n\t\t\t\t\t<h2 class=\"elementor-heading-title elementor-size-default\">Pourquoi choisir Planchers International pour la finition de vos planchers de bois \u00e0 Montr\u00e9al et aux environs?<\/h2>\t\t\t\t<\/div>\n\t\t\t\t<\/div>\n\t\t\t\t<div class=\"elementor-element elementor-element-f32a175 elementor-widget elementor-widget-text-editor\" data-id=\"f32a175\" data-element_type=\"widget\" data-widget_type=\"text-editor.default\">\n\t\t\t\t<div class=\"elementor-widget-container\">\n\t\t\t\t\t\t\t\t\tNotre \u00e9quipe d\u2019exp\u00e9rience vous offre les services minutieux d\u2019un artisan du bois, combin\u00e9s \u00e0 l\u2019efficacit\u00e9, le co\u00fbt et la gamme de services d\u2019une entreprise moderne. En affaires depuis 2002, nous savons ce qui est important pour nos clients et c\u2019est pourquoi nous nous assurons d\u2019avoir un \u00e9quipement de pointe, dont des <strong>sableuses \u00e0 planchers qui collectent 97% de la poussi\u00e8re occasionn\u00e9e par le sablage du plancher<\/strong>. Nous utilisons les produits Bona et DuraSeal. Faits \u00e0 base d\u2019eau et \u00e9mettant tr\u00e8s peu de compos\u00e9s organiques volatils (COV), les produits n\u2019entra\u00eenent pas d\u2019odeur dans votre demeure lors de l\u2019application. De plus, vous pourrez marcher sur vos nouveaux planchers seulement 2 heures apr\u00e8s l\u2019application. Vous serez aussi rassur\u00e9s en sachant que nous avons une assurance responsabilit\u00e9 compl\u00e8te, qui couvre tout dommage qui pourrait se produire lors du sablage ou de la finition de votre plancher par notre \u00e9quipe.\t\t\t\t\t\t\t\t<\/div>\n\t\t\t\t<\/div>\n\t\t\t\t\t<\/div>\n\t\t<\/div>\n\t\t\t\t<div class=\"elementor-column elementor-col-50 elementor-top-column elementor-element elementor-element-9ed728d\" data-id=\"9ed728d\" data-element_type=\"column\">\n\t\t\t<div class=\"elementor-widget-wrap\">\n\t\t\t\t\t\t\t<\/div>\n\t\t<\/div>\n\t\t\t\t\t<\/div>\n\t\t<\/section>\n\t\t\t\t<section class=\"elementor-section elementor-top-section elementor-element elementor-element-9d474c9 elementor-section-boxed elementor-section-height-default elementor-section-height-default\" data-id=\"9d474c9\" data-element_type=\"section\">\n\t\t\t\t\t\t<div class=\"elementor-container elementor-column-gap-default\">\n\t\t\t\t\t<div class=\"elementor-column elementor-col-50 elementor-top-column elementor-element elementor-element-a78e731\" data-id=\"a78e731\" data-element_type=\"column\">\n\t\t\t<div class=\"elementor-widget-wrap elementor-element-populated\">\n\t\t\t\t\t\t<div class=\"elementor-element elementor-element-bbf90aa elementor-widget elementor-widget-heading\" data-id=\"bbf90aa\" data-element_type=\"widget\" data-widget_type=\"heading.default\">\n\t\t\t\t<div class=\"elementor-widget-container\">\n\t\t\t\t\t<h2 class=\"elementor-heading-title elementor-size-default\">Planchers International<\/h2>\t\t\t\t<\/div>\n\t\t\t\t<\/div>\n\t\t\t\t<div class=\"elementor-element elementor-element-c6ec63e elementor-widget elementor-widget-heading\" data-id=\"c6ec63e\" data-element_type=\"widget\" data-widget_type=\"heading.default\">\n\t\t\t\t<div class=\"elementor-widget-container\">\n\t\t\t\t\t<h2 class=\"elementor-heading-title elementor-size-default\">Finition professionnelles des planchers de bois franc<\/h2>\t\t\t\t<\/div>\n\t\t\t\t<\/div>\n\t\t\t\t<div class=\"elementor-element elementor-element-26fcd2d elementor-widget elementor-widget-text-editor\" data-id=\"26fcd2d\" data-element_type=\"widget\" data-widget_type=\"text-editor.default\">\n\t\t\t\t<div class=\"elementor-widget-container\">\n\t\t\t\t\t\t\t\t\tLa finition de planchers de bois franc demande patience, minutie et pr\u00e9cision. Au cours de sa vie, votre plancher verra passer bien des choses : des souliers, des griffes d\u2019animaux, des meubles, et plus! Il convient de rafra\u00eechir son allure et de renforcir sa finition gr\u00e2ce \u00e0 une bonne couche de vernis \u00e0 parquet protecteur, r\u00e9sistant et durable. Vous redonnerez ainsi une apparence toute neuve, et l\u2019aiderez \u00e0 r\u00e9sister aux assauts du temps et de la vie quotidienne! Vous aimeriez changer l\u00e9g\u00e8rement la teinte du bois sans n\u00e9cessairement le teindre? Choisissez un vernis \u00e0 votre go\u00fbt pour un \u00e9clat plus subtil. Comme vous, nous appr\u00e9cions la beaut\u00e9 du bois franc; nous pouvons la rehausser gr\u00e2ce \u00e0 une finition appropri\u00e9e, riche et uniforme.\t\t\t\t\t\t\t\t<\/div>\n\t\t\t\t<\/div>\n\t\t\t\t\t<\/div>\n\t\t<\/div>\n\t\t\t\t<div class=\"elementor-column elementor-col-50 elementor-top-column elementor-element elementor-element-c5c3076\" data-id=\"c5c3076\" data-element_type=\"column\">\n\t\t\t<div class=\"elementor-widget-wrap elementor-element-populated\">\n\t\t\t\t\t\t<div class=\"elementor-element elementor-element-5358066 elementor-widget-tablet__width-initial elementor-widget-mobile__width-inherit elementor-widget elementor-widget-image\" data-id=\"5358066\" data-element_type=\"widget\" data-widget_type=\"image.default\">\n\t\t\t\t<div class=\"elementor-widget-container\">\n\t\t\t\t\t\t\t\t\t\t\t\t\t\t\t<img loading=\"lazy\" decoding=\"async\" width=\"1200\" height=\"900\" src=\"https:\/\/internationalfloors.ca\/wp-content\/uploads\/floor-refinishing-ndg-1200x900.jpeg\" class=\"attachment-large size-large wp-image-1353\" alt=\"floor refinishing project in NDG, Montreal\" srcset=\"https:\/\/internationalfloors.ca\/wp-content\/uploads\/floor-refinishing-ndg-1200x900.jpeg 1200w, https:\/\/internationalfloors.ca\/wp-content\/uploads\/floor-refinishing-ndg-600x450.jpeg 600w, https:\/\/internationalfloors.ca\/wp-content\/uploads\/floor-refinishing-ndg.jpeg 1440w\" sizes=\"(max-width: 1200px) 100vw, 1200px\" \/>\t\t\t\t\t\t\t\t\t\t\t\t\t\t\t<\/div>\n\t\t\t\t<\/div>\n\t\t\t\t\t<\/div>\n\t\t<\/div>\n\t\t\t\t\t<\/div>\n\t\t<\/section>\n\t\t\t\t<section class=\"elementor-section elementor-top-section elementor-element elementor-element-cd42619 elementor-section-boxed elementor-section-height-default elementor-section-height-default\" data-id=\"cd42619\" data-element_type=\"section\">\n\t\t\t\t\t\t<div class=\"elementor-container elementor-column-gap-default\">\n\t\t\t\t\t<div class=\"elementor-column elementor-col-100 elementor-top-column elementor-element elementor-element-3c2bd36\" data-id=\"3c2bd36\" data-element_type=\"column\">\n\t\t\t<div class=\"elementor-widget-wrap elementor-element-populated\">\n\t\t\t\t\t\t<div class=\"elementor-element elementor-element-be79fe6 elementor-widget-divider--view-line elementor-widget elementor-widget-divider\" data-id=\"be79fe6\" data-element_type=\"widget\" data-widget_type=\"divider.default\">\n\t\t\t\t<div class=\"elementor-widget-container\">\n\t\t\t\t\t\t\t<div class=\"elementor-divider\">\n\t\t\t<span class=\"elementor-divider-separator\">\n\t\t\t\t\t\t<\/span>\n\t\t<\/div>\n\t\t\t\t\t\t<\/div>\n\t\t\t\t<\/div>\n\t\t\t\t<div class=\"elementor-element elementor-element-939b899 elementor-widget elementor-widget-heading\" data-id=\"939b899\" data-element_type=\"widget\" data-widget_type=\"heading.default\">\n\t\t\t\t<div class=\"elementor-widget-container\">\n\t\t\t\t\t<h3 class=\"elementor-heading-title elementor-size-default\">Produits durables et non-toxiques<\/h3>\t\t\t\t<\/div>\n\t\t\t\t<\/div>\n\t\t\t\t<div class=\"elementor-element elementor-element-fd7555c elementor-widget elementor-widget-text-editor\" data-id=\"fd7555c\" data-element_type=\"widget\" data-widget_type=\"text-editor.default\">\n\t\t\t\t<div class=\"elementor-widget-container\">\n\t\t\t\t\t\t\t\t\t<p>Des produits professionnels, adapt\u00e9s \u00e0 votre plancher, durables et non-toxiques, permettent de prolonger la vie du parquet et de souligner la beaut\u00e9 du bois. Une application de la finition peut s\u2019imposer deux \u00e0 trois fois au cours de la vie de votre plancher : elle est essentielle pour sa protection, pour assurer sa long\u00e9vit\u00e9, et pour faire de votre rev\u00eatement de plancher en bois un \u00e9l\u00e9ment central de votre d\u00e9cor.<\/p>\t\t\t\t\t\t\t\t<\/div>\n\t\t\t\t<\/div>\n\t\t\t\t<div class=\"elementor-element elementor-element-f0eb5b6 elementor-widget elementor-widget-heading\" data-id=\"f0eb5b6\" data-element_type=\"widget\" data-widget_type=\"heading.default\">\n\t\t\t\t<div class=\"elementor-widget-container\">\n\t\t\t\t\t<h3 class=\"elementor-heading-title elementor-size-default\">Planchers, escaliers, rampes et plus...<\/h3>\t\t\t\t<\/div>\n\t\t\t\t<\/div>\n\t\t\t\t<div class=\"elementor-element elementor-element-0079259 elementor-widget elementor-widget-text-editor\" data-id=\"0079259\" data-element_type=\"widget\" data-widget_type=\"text-editor.default\">\n\t\t\t\t<div class=\"elementor-widget-container\">\n\t\t\t\t\t\t\t\t\t<p>Nous n\u2019offrons pas seulement la finition de planchers, mais aussi de marches d\u2019escaliers et de rampes en bois franc. Pr\u00e9voyez 2 jours pour le processus complet allant du sablage \u00e0 la finition de votre plancher. Une fois l\u2019application termin\u00e9e, vous pourrez marcher sur les surfaces apr\u00e8s 2 heures. Laissez notre \u00e9quipe de sp\u00e9cialistes vous conseiller le meilleur produit pour votre surface naturelle : vous obtiendrez des r\u00e9sultats optimaux, sans effort.<\/p>\t\t\t\t\t\t\t\t<\/div>\n\t\t\t\t<\/div>\n\t\t\t\t\t<\/div>\n\t\t<\/div>\n\t\t\t\t\t<\/div>\n\t\t<\/section>\n\t\t\t\t<section class=\"elementor-section elementor-top-section elementor-element elementor-element-a0060fc elementor-section-boxed elementor-section-height-default elementor-section-height-default\" data-id=\"a0060fc\" data-element_type=\"section\">\n\t\t\t\t\t\t<div class=\"elementor-container elementor-column-gap-default\">\n\t\t\t\t\t<div class=\"elementor-column elementor-col-100 elementor-top-column elementor-element elementor-element-0fa2114\" data-id=\"0fa2114\" data-element_type=\"column\">\n\t\t\t<div class=\"elementor-widget-wrap elementor-element-populated\">\n\t\t\t\t\t\t<div class=\"elementor-element elementor-element-1da9eb6 elementor-widget elementor-widget-heading\" data-id=\"1da9eb6\" data-element_type=\"widget\" data-widget_type=\"heading.default\">\n\t\t\t\t<div class=\"elementor-widget-container\">\n\t\t\t\t\t<h2 class=\"elementor-heading-title elementor-size-default\">T\u00e9moignages<\/h2>\t\t\t\t<\/div>\n\t\t\t\t<\/div>\n\t\t\t\t<div class=\"elementor-element elementor-element-eada03f elementor-widget elementor-widget-heading\" data-id=\"eada03f\" data-element_type=\"widget\" data-widget_type=\"heading.default\">\n\t\t\t\t<div class=\"elementor-widget-container\">\n\t\t\t\t\t<h2 class=\"elementor-heading-title elementor-size-default\">Commentaires de nos clients sur le service de finition de planchers<\/h2>\t\t\t\t<\/div>\n\t\t\t\t<\/div>\n\t\t\t\t<section class=\"elementor-section elementor-inner-section elementor-element elementor-element-e9e8c43 elementor-section-boxed elementor-section-height-default elementor-section-height-default\" data-id=\"e9e8c43\" data-element_type=\"section\">\n\t\t\t\t\t\t<div class=\"elementor-container elementor-column-gap-default\">\n\t\t\t\t\t<div class=\"elementor-column elementor-col-33 elementor-inner-column elementor-element elementor-element-7b83a2f elementor-invisible\" data-id=\"7b83a2f\" data-element_type=\"column\" data-settings=\"{&quot;animation&quot;:&quot;fadeIn&quot;}\">\n\t\t\t<div class=\"elementor-widget-wrap elementor-element-populated\">\n\t\t\t\t\t\t<div class=\"elementor-element elementor-element-700cd1c elementor-view-stacked elementor-shape-square elementor-widget elementor-widget-icon\" data-id=\"700cd1c\" data-element_type=\"widget\" data-widget_type=\"icon.default\">\n\t\t\t\t<div class=\"elementor-widget-container\">\n\t\t\t\t\t\t\t<div class=\"elementor-icon-wrapper\">\n\t\t\t<div class=\"elementor-icon\">\n\t\t\t<i aria-hidden=\"true\" class=\"fas fa-star\"><\/i>\t\t\t<\/div>\n\t\t<\/div>\n\t\t\t\t\t\t<\/div>\n\t\t\t\t<\/div>\n\t\t\t\t<div class=\"elementor-element elementor-element-ae01021 elementor-widget elementor-widget-testimonial\" data-id=\"ae01021\" data-element_type=\"widget\" data-widget_type=\"testimonial.default\">\n\t\t\t\t<div class=\"elementor-widget-container\">\n\t\t\t\t\t\t\t<div class=\"elementor-testimonial-wrapper\">\n\t\t\t\t\t\t\t<div class=\"elementor-testimonial-content\"><em>(traduit de l'anglais)<\/em><br\/>\nManny et l'\u00e9quipe ont termin\u00e9 le sablage et la finition compl\u00e8tes des planchers et des escaliers de la maison et ont fait un excellent travail pour le nouveau rev\u00eatement de sol. Le travail \u00e9tait exceptionnel et r\u00e9alis\u00e9 dans les d\u00e9lais pr\u00e9vus.<\/div>\n\t\t\t\n\t\t\t\t\t\t<div class=\"elementor-testimonial-meta elementor-has-image elementor-testimonial-image-position-aside\">\n\t\t\t\t<div class=\"elementor-testimonial-meta-inner\">\n\t\t\t\t\t\t\t\t\t\t\t<div class=\"elementor-testimonial-image\">\n\t\t\t\t\t\t\t<img loading=\"lazy\" decoding=\"async\" width=\"244\" height=\"114\" src=\"https:\/\/internationalfloors.ca\/wp-content\/uploads\/ANONYME.jpg\" class=\"attachment-full size-full wp-image-1293\" alt=\"\" \/>\t\t\t\t\t\t<\/div>\n\t\t\t\t\t\n\t\t\t\t\t\t\t\t\t\t<div class=\"elementor-testimonial-details\">\n\t\t\t\t\t\t\t\t\t\t\t\t\t\t<div class=\"elementor-testimonial-name\">Marc Martel<\/div>\n\t\t\t\t\t\t\t\t\t\t\t\t\t\t\t\t\t\t\t<\/div>\n\t\t\t\t\t\t\t\t\t<\/div>\n\t\t\t<\/div>\n\t\t\t\t\t<\/div>\n\t\t\t\t\t\t<\/div>\n\t\t\t\t<\/div>\n\t\t\t\t\t<\/div>\n\t\t<\/div>\n\t\t\t\t<div class=\"elementor-column elementor-col-33 elementor-inner-column elementor-element elementor-element-f2971ef elementor-invisible\" data-id=\"f2971ef\" data-element_type=\"column\" data-settings=\"{&quot;animation&quot;:&quot;fadeIn&quot;}\">\n\t\t\t<div class=\"elementor-widget-wrap elementor-element-populated\">\n\t\t\t\t\t\t<div class=\"elementor-element elementor-element-e8514dc elementor-view-stacked elementor-shape-square elementor-widget elementor-widget-icon\" data-id=\"e8514dc\" data-element_type=\"widget\" data-widget_type=\"icon.default\">\n\t\t\t\t<div class=\"elementor-widget-container\">\n\t\t\t\t\t\t\t<div class=\"elementor-icon-wrapper\">\n\t\t\t<div class=\"elementor-icon\">\n\t\t\t<i aria-hidden=\"true\" class=\"fas fa-star\"><\/i>\t\t\t<\/div>\n\t\t<\/div>\n\t\t\t\t\t\t<\/div>\n\t\t\t\t<\/div>\n\t\t\t\t<div class=\"elementor-element elementor-element-94e42c4 elementor-widget elementor-widget-testimonial\" data-id=\"94e42c4\" data-element_type=\"widget\" data-widget_type=\"testimonial.default\">\n\t\t\t\t<div class=\"elementor-widget-container\">\n\t\t\t\t\t\t\t<div class=\"elementor-testimonial-wrapper\">\n\t\t\t\t\t\t\t<div class=\"elementor-testimonial-content\"><em>(traduit de l'anglais)<\/em><br\/>\nManny et son \u00e9quipe se sont surpass\u00e9s pour nous offrir un service incroyable pour la finition de nos planchers. Le processus de finition s'est av\u00e9r\u00e9 un peu difficile \u00e9tant donn\u00e9 les essences particuli\u00e8res de bois d\u00e9j\u00e0 install\u00e9es, mais Manny s'est assur\u00e9 de d\u00e9crire et de tester toutes les diff\u00e9rentes options avec nous pour s'assurer que nous obtenions des planchers que nous adorons! Nous avons grandement appr\u00e9ci\u00e9 sa communication efficace en tant que premiers acheteurs d\u00e9sireux de s'installer dans notre nouveau condo, et son travail et son professionnalisme ont d\u00e9pass\u00e9 nos attentes.<\/div>\n\t\t\t\n\t\t\t\t\t\t<div class=\"elementor-testimonial-meta elementor-has-image elementor-testimonial-image-position-aside\">\n\t\t\t\t<div class=\"elementor-testimonial-meta-inner\">\n\t\t\t\t\t\t\t\t\t\t\t<div class=\"elementor-testimonial-image\">\n\t\t\t\t\t\t\t<img loading=\"lazy\" decoding=\"async\" width=\"244\" height=\"114\" src=\"https:\/\/internationalfloors.ca\/wp-content\/uploads\/ANONYME.jpg\" class=\"attachment-full size-full wp-image-1293\" alt=\"\" \/>\t\t\t\t\t\t<\/div>\n\t\t\t\t\t\n\t\t\t\t\t\t\t\t\t\t<div class=\"elementor-testimonial-details\">\n\t\t\t\t\t\t\t\t\t\t\t\t\t\t<div class=\"elementor-testimonial-name\">Daellenbach<\/div>\n\t\t\t\t\t\t\t\t\t\t\t\t\t\t\t\t\t\t\t<\/div>\n\t\t\t\t\t\t\t\t\t<\/div>\n\t\t\t<\/div>\n\t\t\t\t\t<\/div>\n\t\t\t\t\t\t<\/div>\n\t\t\t\t<\/div>\n\t\t\t\t\t<\/div>\n\t\t<\/div>\n\t\t\t\t<div class=\"elementor-column elementor-col-33 elementor-inner-column elementor-element elementor-element-b2bcd47 elementor-invisible\" data-id=\"b2bcd47\" data-element_type=\"column\" data-settings=\"{&quot;animation&quot;:&quot;fadeIn&quot;}\">\n\t\t\t<div class=\"elementor-widget-wrap elementor-element-populated\">\n\t\t\t\t\t\t<div class=\"elementor-element elementor-element-ff29de5 elementor-view-stacked elementor-shape-square elementor-widget elementor-widget-icon\" data-id=\"ff29de5\" data-element_type=\"widget\" data-widget_type=\"icon.default\">\n\t\t\t\t<div class=\"elementor-widget-container\">\n\t\t\t\t\t\t\t<div class=\"elementor-icon-wrapper\">\n\t\t\t<div class=\"elementor-icon\">\n\t\t\t<i aria-hidden=\"true\" class=\"fas fa-star\"><\/i>\t\t\t<\/div>\n\t\t<\/div>\n\t\t\t\t\t\t<\/div>\n\t\t\t\t<\/div>\n\t\t\t\t<div class=\"elementor-element elementor-element-fce6cde elementor-widget elementor-widget-testimonial\" data-id=\"fce6cde\" data-element_type=\"widget\" data-widget_type=\"testimonial.default\">\n\t\t\t\t<div class=\"elementor-widget-container\">\n\t\t\t\t\t\t\t<div class=\"elementor-testimonial-wrapper\">\n\t\t\t\t\t\t\t<div class=\"elementor-testimonial-content\"><em>(traduit de l'anglais)<\/em><br\/>\nPlanchers International a sabl\u00e9 et remis \u00e0 neuf nos parquets en ch\u00eane du d\u00e9but des ann\u00e9es 1900 avec des incrustations de noyer. Nos vieux sols jaun\u00e2tres sont absolument magnifiques maintenant! L'\u00e9quipe a travaill\u00e9 rapidement et a laiss\u00e9 notre logement impeccable ; et ils \u00e9taient sympathiques et il \u00e9tait si facile de travailler \u00e0 leurs c\u00f4t\u00e9s. Je recommande vivement cette entreprise.<\/div>\n\t\t\t\n\t\t\t\t\t\t<div class=\"elementor-testimonial-meta elementor-has-image elementor-testimonial-image-position-aside\">\n\t\t\t\t<div class=\"elementor-testimonial-meta-inner\">\n\t\t\t\t\t\t\t\t\t\t\t<div class=\"elementor-testimonial-image\">\n\t\t\t\t\t\t\t<img loading=\"lazy\" decoding=\"async\" width=\"120\" height=\"120\" src=\"https:\/\/internationalfloors.ca\/wp-content\/uploads\/sarah-thomas.png\" class=\"attachment-full size-full wp-image-1290\" alt=\"\" \/>\t\t\t\t\t\t<\/div>\n\t\t\t\t\t\n\t\t\t\t\t\t\t\t\t\t<div class=\"elementor-testimonial-details\">\n\t\t\t\t\t\t\t\t\t\t\t\t\t\t<div class=\"elementor-testimonial-name\">Sarah Thomas<\/div>\n\t\t\t\t\t\t\t\t\t\t\t\t\t\t\t\t\t\t\t<\/div>\n\t\t\t\t\t\t\t\t\t<\/div>\n\t\t\t<\/div>\n\t\t\t\t\t<\/div>\n\t\t\t\t\t\t<\/div>\n\t\t\t\t<\/div>\n\t\t\t\t\t<\/div>\n\t\t<\/div>\n\t\t\t\t\t<\/div>\n\t\t<\/section>\n\t\t\t\t\t<\/div>\n\t\t<\/div>\n\t\t\t\t\t<\/div>\n\t\t<\/section>\n\t\t\t\t<section class=\"elementor-section elementor-top-section elementor-element elementor-element-72d41dc elementor-section-boxed elementor-section-height-default elementor-section-height-default\" data-id=\"72d41dc\" data-element_type=\"section\" data-settings=\"{&quot;background_background&quot;:&quot;classic&quot;}\">\n\t\t\t\t\t\t<div class=\"elementor-container elementor-column-gap-default\">\n\t\t\t\t\t<div class=\"elementor-column elementor-col-100 elementor-top-column elementor-element elementor-element-9a619aa\" data-id=\"9a619aa\" data-element_type=\"column\">\n\t\t\t<div class=\"elementor-widget-wrap elementor-element-populated\">\n\t\t\t\t\t\t<div class=\"elementor-element elementor-element-1205c5f elementor-widget__width-initial elementor-widget-mobile__width-inherit elementor-widget elementor-widget-heading\" data-id=\"1205c5f\" data-element_type=\"widget\" data-widget_type=\"heading.default\">\n\t\t\t\t<div class=\"elementor-widget-container\">\n\t\t\t\t\t<h2 class=\"elementor-heading-title elementor-size-default\">Redonnez vie \u00e0 vos planchers gr\u00e2ce \u00e0 Planchers International<\/h2>\t\t\t\t<\/div>\n\t\t\t\t<\/div>\n\t\t\t\t<div class=\"elementor-element elementor-element-cb9e0a8 elementor-align-right elementor-widget__width-initial elementor-mobile-align-center elementor-widget-mobile__width-inherit elementor-widget elementor-widget-button\" data-id=\"cb9e0a8\" data-element_type=\"widget\" data-widget_type=\"button.default\">\n\t\t\t\t<div class=\"elementor-widget-container\">\n\t\t\t\t\t\t\t\t\t<div class=\"elementor-button-wrapper\">\n\t\t\t\t\t<a class=\"elementor-button elementor-button-link elementor-size-sm\" href=\"\/fr\/contact-finition-plancher-bois-montreal\/\">\n\t\t\t\t\t\t<span class=\"elementor-button-content-wrapper\">\n\t\t\t\t\t\t\t\t\t<span class=\"elementor-button-text\">Obtenir une soumission gratuite<\/span>\n\t\t\t\t\t<\/span>\n\t\t\t\t\t<\/a>\n\t\t\t\t<\/div>\n\t\t\t\t\t\t\t\t<\/div>\n\t\t\t\t<\/div>\n\t\t\t\t\t<\/div>\n\t\t<\/div>\n\t\t\t\t\t<\/div>\n\t\t<\/section>\n\t\t\t\t<section class=\"elementor-section elementor-top-section elementor-element elementor-element-8891abf elementor-section-boxed elementor-section-height-default elementor-section-height-default\" data-id=\"8891abf\" data-element_type=\"section\">\n\t\t\t\t\t\t<div class=\"elementor-container elementor-column-gap-default\">\n\t\t\t\t\t<div class=\"elementor-column elementor-col-100 elementor-top-column elementor-element elementor-element-b123ad3\" data-id=\"b123ad3\" data-element_type=\"column\">\n\t\t\t<div class=\"elementor-widget-wrap elementor-element-populated\">\n\t\t\t\t\t\t<div class=\"elementor-element elementor-element-581766c elementor-widget-mobile__width-inherit elementor-widget elementor-widget-heading\" data-id=\"581766c\" data-element_type=\"widget\" data-widget_type=\"heading.default\">\n\t\t\t\t<div class=\"elementor-widget-container\">\n\t\t\t\t\t<h2 class=\"elementor-heading-title elementor-size-default\"><span style=\"color:#000\">FAQ - <\/span>Finition de plancher de bois franc\n<\/h2>\t\t\t\t<\/div>\n\t\t\t\t<\/div>\n\t\t\t\t<div class=\"elementor-element elementor-element-971ed6e elementor-widget elementor-widget-raven-advanced-accordion\" data-id=\"971ed6e\" data-element_type=\"widget\" data-settings=\"{&quot;collapsible&quot;:&quot;false&quot;,&quot;scroll_to_content&quot;:&quot;false&quot;}\" data-widget_type=\"raven-advanced-accordion.default\">\n\t\t\t\t<div class=\"elementor-widget-container\">\n\t\t\t\t\t\t\t\t<div id=\"jupiterx-advanced-accordion-wrapper\" class=\"jupiterx-advanced-accordion-wrapper\">\r\n\t\t\t\t<div class=\"jupiterx-advanced-accordion-inner-wrapper\">\r\n\t\t\t\t\t\t\t\t\t\t\t\t\t\t<div class=\"jupiterx-single-advanced-accordion-wrapper  jx-ac-first  jx-ac-inactive\" id=\"\" >\r\n\t\t\t\t<div class=\"jx-single-accordion-header\">\r\n\t\t\t\t\t<div class=\"jx-single-accordion-header-left\">\r\n\t\t\t\t\t\t<div class=\"jx-single-accordion-header-icon-toggle-wrapper jx-single-accordion-header-icon-toggle-wrapper-hide\" >\r\n\t\t\t\t\t\t\t\t\t\t\t\t\t<\/div>\r\n\t\t\t\t\t\t<span class=\"jx-ac-title\">Est-ce que je peux sabler et revernir mon plancher?<\/span>\t\t\t\t\t<\/div>\r\n\t\t\t\t\t<div class=\"jx-single-accordion-header-right\">\r\n\t\t\t\t\t\t<i aria-hidden=\"true\" class=\"jx-ac-icon-body-closed jx-ac-toggle-icon fas fa-chevron-right\"><\/i><i aria-hidden=\"true\" class=\"jx-ac-icon-body-opened jx-ac-toggle-icon fas fa-chevron-down\"><\/i>\t\t\t\t\t<\/div>\r\n\t\t\t\t<\/div>\r\n\t\t\t\t<div class=\"jx-single-accordion-body  jx-ac-body-none\">\r\n\t\t\t\t\t<div class=\"jx-ac-content\">\r\n\t\t\t\t\t\t<div class=\"jx-ac-content-inner-wrapper\">\r\n\t\t\t\t\t\t\t<div class=\"jupiterx-ac-content-is-editor\"><p>La plupart des planchers de bois franc peuvent \u00eatre ponc\u00e9s et remis en \u00e9tat au moins une fois et jusqu\u2019\u00e0 trois fois ou plus. Le nombre exact d\u00e9pend de l\u2019\u00e9paisseur totale du produit ou de l\u2019\u00e9paisseur de la couche sup\u00e9rieure de bois massif de qualit\u00e9 sup\u00e9rieure, s\u2019il s\u2019agit d\u2019un produit stratifi\u00e9. D\u2019abord, on sable le plancher pour enlever tout le fini, et ensuite on reconstruit la surface de la finition. Selon la taille de l\u2019espace, cette proc\u00e9dure peut prendre environ deux jours ou plus.\u00a0<\/p><\/div>\t\t\t\t\t\t<\/div>\r\n\t\t\t\t\t<\/div>\r\n\t\t\t\t<\/div>\r\n\t\t\t<\/div>\r\n\t\t\t\t\t\t\t\t\t\t\t\t\t\t\t\t<div class=\"jupiterx-single-advanced-accordion-wrapper  jx-ac-inactive\" id=\"\" >\r\n\t\t\t\t<div class=\"jx-single-accordion-header\">\r\n\t\t\t\t\t<div class=\"jx-single-accordion-header-left\">\r\n\t\t\t\t\t\t<div class=\"jx-single-accordion-header-icon-toggle-wrapper jx-single-accordion-header-icon-toggle-wrapper-hide\" >\r\n\t\t\t\t\t\t\t\t\t\t\t\t\t<\/div>\r\n\t\t\t\t\t\t<span class=\"jx-ac-title\">Est-ce plus co\u00fbteux de sabler et refinir un plancher que de le remplacer?<\/span>\t\t\t\t\t<\/div>\r\n\t\t\t\t\t<div class=\"jx-single-accordion-header-right\">\r\n\t\t\t\t\t\t<i aria-hidden=\"true\" class=\"jx-ac-icon-body-closed jx-ac-toggle-icon fas fa-chevron-right\"><\/i><i aria-hidden=\"true\" class=\"jx-ac-icon-body-opened jx-ac-toggle-icon fas fa-chevron-down\"><\/i>\t\t\t\t\t<\/div>\r\n\t\t\t\t<\/div>\r\n\t\t\t\t<div class=\"jx-single-accordion-body  jx-ac-body-none\">\r\n\t\t\t\t\t<div class=\"jx-ac-content\">\r\n\t\t\t\t\t\t<div class=\"jx-ac-content-inner-wrapper\">\r\n\t\t\t\t\t\t\t<div class=\"jupiterx-ac-content-is-editor\"><p>Alors que le sablage et la finition d\u2019un plancher peuvent sembler co\u00fbteux et perturbateurs pour les occupants de la maison, c\u2019est une option g\u00e9n\u00e9ralement plus \u00e9conomique que le remplacement du plancher.<\/p><\/div>\t\t\t\t\t\t<\/div>\r\n\t\t\t\t\t<\/div>\r\n\t\t\t\t<\/div>\r\n\t\t\t<\/div>\r\n\t\t\t\t\t\t\t\t\t\t\t\t\t\t\t\t<div class=\"jupiterx-single-advanced-accordion-wrapper  jx-ac-inactive\" id=\"\" >\r\n\t\t\t\t<div class=\"jx-single-accordion-header\">\r\n\t\t\t\t\t<div class=\"jx-single-accordion-header-left\">\r\n\t\t\t\t\t\t<div class=\"jx-single-accordion-header-icon-toggle-wrapper jx-single-accordion-header-icon-toggle-wrapper-hide\" >\r\n\t\t\t\t\t\t\t\t\t\t\t\t\t<\/div>\r\n\t\t\t\t\t\t<span class=\"jx-ac-title\">Quand est-il le temps de revernir ou refaire mon plancher?<\/span>\t\t\t\t\t<\/div>\r\n\t\t\t\t\t<div class=\"jx-single-accordion-header-right\">\r\n\t\t\t\t\t\t<i aria-hidden=\"true\" class=\"jx-ac-icon-body-closed jx-ac-toggle-icon fas fa-chevron-right\"><\/i><i aria-hidden=\"true\" class=\"jx-ac-icon-body-opened jx-ac-toggle-icon fas fa-chevron-down\"><\/i>\t\t\t\t\t<\/div>\r\n\t\t\t\t<\/div>\r\n\t\t\t\t<div class=\"jx-single-accordion-body  jx-ac-body-none\">\r\n\t\t\t\t\t<div class=\"jx-ac-content\">\r\n\t\t\t\t\t\t<div class=\"jx-ac-content-inner-wrapper\">\r\n\t\t\t\t\t\t\t<div class=\"jupiterx-ac-content-is-editor\"><p>Lorsque votre plancher commence pr\u00e9senter des signes d\u2019usure, c\u2019est un signe qu\u2019il peut \u00eatre temps de poncer ou refaire le fini. Un test simple pour indiquer ce que vous devez faire est de verser une cuill\u00e8re \u00e0 soupe ou deux d\u2019eau sur votre plancher. Si l\u2019eau perle, votre plancher est tout simplement un peu sale ou terni de l\u2019usure. La solution dans ce cas est juste un peu de nettoyage ou l\u2019\u00e9limination des taches. Si au cours d\u2019une p\u00e9riode de quelques minutes, l\u2019eau s\u2019infiltre lentement dans le plancher, votre plancher est partiellement us\u00e9 et il faudra revernir ou refaire la finition bient\u00f4t, mais pour l\u2019instant il suffit de prendre un peu de soin suppl\u00e9mentaire. Si l\u2019eau s\u2019infiltre imm\u00e9diatement, il est assur\u00e9ment temps de poncer et refaire la finition.<\/p><\/div>\t\t\t\t\t\t<\/div>\r\n\t\t\t\t\t<\/div>\r\n\t\t\t\t<\/div>\r\n\t\t\t<\/div>\r\n\t\t\t\t\t\t\t\t\t\t\t\t\t\t\t\t<div class=\"jupiterx-single-advanced-accordion-wrapper  jx-ac-inactive\" id=\"\" >\r\n\t\t\t\t<div class=\"jx-single-accordion-header\">\r\n\t\t\t\t\t<div class=\"jx-single-accordion-header-left\">\r\n\t\t\t\t\t\t<div class=\"jx-single-accordion-header-icon-toggle-wrapper jx-single-accordion-header-icon-toggle-wrapper-hide\" >\r\n\t\t\t\t\t\t\t\t\t\t\t\t\t<\/div>\r\n\t\t\t\t\t\t<span class=\"jx-ac-title\">Est-il possible de remettre en \u00e9tat un plancher en parqueterie?<\/span>\t\t\t\t\t<\/div>\r\n\t\t\t\t\t<div class=\"jx-single-accordion-header-right\">\r\n\t\t\t\t\t\t<i aria-hidden=\"true\" class=\"jx-ac-icon-body-closed jx-ac-toggle-icon fas fa-chevron-right\"><\/i><i aria-hidden=\"true\" class=\"jx-ac-icon-body-opened jx-ac-toggle-icon fas fa-chevron-down\"><\/i>\t\t\t\t\t<\/div>\r\n\t\t\t\t<\/div>\r\n\t\t\t\t<div class=\"jx-single-accordion-body  jx-ac-body-none\">\r\n\t\t\t\t\t<div class=\"jx-ac-content\">\r\n\t\t\t\t\t\t<div class=\"jx-ac-content-inner-wrapper\">\r\n\t\t\t\t\t\t\t<div class=\"jupiterx-ac-content-is-editor\"><p>Bien entendu, la finition et la teinture de votre parquet peuvent donner un tr\u00e8s beau r\u00e9sultat.<\/p><\/div>\t\t\t\t\t\t<\/div>\r\n\t\t\t\t\t<\/div>\r\n\t\t\t\t<\/div>\r\n\t\t\t<\/div>\r\n\t\t\t\t\t\t\t\t\t\t\t\t\t\t\t\t<div class=\"jupiterx-single-advanced-accordion-wrapper  jx-ac-inactive\" id=\"\" >\r\n\t\t\t\t<div class=\"jx-single-accordion-header\">\r\n\t\t\t\t\t<div class=\"jx-single-accordion-header-left\">\r\n\t\t\t\t\t\t<div class=\"jx-single-accordion-header-icon-toggle-wrapper jx-single-accordion-header-icon-toggle-wrapper-hide\" >\r\n\t\t\t\t\t\t\t\t\t\t\t\t\t<\/div>\r\n\t\t\t\t\t\t<span class=\"jx-ac-title\">Quels sont les avantages et les inconv\u00e9nients de refaire ses planchers soi-m\u00eame par rapport \u00e0 la finition professionnelle?<\/span>\t\t\t\t\t<\/div>\r\n\t\t\t\t\t<div class=\"jx-single-accordion-header-right\">\r\n\t\t\t\t\t\t<i aria-hidden=\"true\" class=\"jx-ac-icon-body-closed jx-ac-toggle-icon fas fa-chevron-right\"><\/i><i aria-hidden=\"true\" class=\"jx-ac-icon-body-opened jx-ac-toggle-icon fas fa-chevron-down\"><\/i>\t\t\t\t\t<\/div>\r\n\t\t\t\t<\/div>\r\n\t\t\t\t<div class=\"jx-single-accordion-body  jx-ac-body-none\">\r\n\t\t\t\t\t<div class=\"jx-ac-content\">\r\n\t\t\t\t\t\t<div class=\"jx-ac-content-inner-wrapper\">\r\n\t\t\t\t\t\t\t<div class=\"jupiterx-ac-content-is-editor\"><p>Il y a 4 raisons principales de faire affaire avec un sp\u00e9cialiste pour le sablage et la finition des planchers: gagner du temps, avoir moins de poussi\u00e8re dans votre maison, une bien meilleure qualit\u00e9 de finition et des r\u00e9sultats durables \u00e0 co\u00fbt raisonnable.<\/p><\/div>\t\t\t\t\t\t<\/div>\r\n\t\t\t\t\t<\/div>\r\n\t\t\t\t<\/div>\r\n\t\t\t<\/div>\r\n\t\t\t\t\t\t\t\t\t\t\t\t\t\t\t\t<div class=\"jupiterx-single-advanced-accordion-wrapper  jx-ac-inactive\" id=\"\" >\r\n\t\t\t\t<div class=\"jx-single-accordion-header\">\r\n\t\t\t\t\t<div class=\"jx-single-accordion-header-left\">\r\n\t\t\t\t\t\t<div class=\"jx-single-accordion-header-icon-toggle-wrapper jx-single-accordion-header-icon-toggle-wrapper-hide\" >\r\n\t\t\t\t\t\t\t\t\t\t\t\t\t<\/div>\r\n\t\t\t\t\t\t<span class=\"jx-ac-title\">Pouvez-vous \u00e9galement remettre en \u00e9tat les escaliers et les rampes?<\/span>\t\t\t\t\t<\/div>\r\n\t\t\t\t\t<div class=\"jx-single-accordion-header-right\">\r\n\t\t\t\t\t\t<i aria-hidden=\"true\" class=\"jx-ac-icon-body-closed jx-ac-toggle-icon fas fa-chevron-right\"><\/i><i aria-hidden=\"true\" class=\"jx-ac-icon-body-opened jx-ac-toggle-icon fas fa-chevron-down\"><\/i>\t\t\t\t\t<\/div>\r\n\t\t\t\t<\/div>\r\n\t\t\t\t<div class=\"jx-single-accordion-body  jx-ac-body-none\">\r\n\t\t\t\t\t<div class=\"jx-ac-content\">\r\n\t\t\t\t\t\t<div class=\"jx-ac-content-inner-wrapper\">\r\n\t\t\t\t\t\t\t<div class=\"jupiterx-ac-content-is-editor\"><p>Bien entendu, nous proposons \u00e9galement des services de <a href=\"\/fr\/finition-teinture-escaliers\/\">sablage et de finition d\u2019escaliers<\/a>.<\/p><\/div>\t\t\t\t\t\t<\/div>\r\n\t\t\t\t\t<\/div>\r\n\t\t\t\t<\/div>\r\n\t\t\t<\/div>\r\n\t\t\t\t\t\t\t\t\t\t\t\t\t\t\t\t<div class=\"jupiterx-single-advanced-accordion-wrapper  jx-ac-last  jx-ac-inactive\" id=\"\" >\r\n\t\t\t\t<div class=\"jx-single-accordion-header\">\r\n\t\t\t\t\t<div class=\"jx-single-accordion-header-left\">\r\n\t\t\t\t\t\t<div class=\"jx-single-accordion-header-icon-toggle-wrapper jx-single-accordion-header-icon-toggle-wrapper-hide\" >\r\n\t\t\t\t\t\t\t\t\t\t\t\t\t<\/div>\r\n\t\t\t\t\t\t<span class=\"jx-ac-title\">Pouvez-vous r\u00e9parer les planchers de bois franc endommag\u00e9s?<\/span>\t\t\t\t\t<\/div>\r\n\t\t\t\t\t<div class=\"jx-single-accordion-header-right\">\r\n\t\t\t\t\t\t<i aria-hidden=\"true\" class=\"jx-ac-icon-body-closed jx-ac-toggle-icon fas fa-chevron-right\"><\/i><i aria-hidden=\"true\" class=\"jx-ac-icon-body-opened jx-ac-toggle-icon fas fa-chevron-down\"><\/i>\t\t\t\t\t<\/div>\r\n\t\t\t\t<\/div>\r\n\t\t\t\t<div class=\"jx-single-accordion-body  jx-ac-body-none\">\r\n\t\t\t\t\t<div class=\"jx-ac-content\">\r\n\t\t\t\t\t\t<div class=\"jx-ac-content-inner-wrapper\">\r\n\t\t\t\t\t\t\t<div class=\"jupiterx-ac-content-is-editor\"><p>Oui, nous offrons le service de <a href=\"\/fr\/reparation-plancher-bois\/\">r\u00e9paration de plancher<\/a>.<\/p><\/div>\t\t\t\t\t\t<\/div>\r\n\t\t\t\t\t<\/div>\r\n\t\t\t\t<\/div>\r\n\t\t\t<\/div>\r\n\t\t\t\t\t\t\t\t\t\t\t<\/div>\r\n\t\t\t<\/div>\r\n\t\t\t\t\t\t\t<\/div>\n\t\t\t\t<\/div>\n\t\t\t\t\t<\/div>\n\t\t<\/div>\n\t\t\t\t\t<\/div>\n\t\t<\/section>\n\t\t\t\t<\/div>\n\t\t","protected":false},"excerpt":{"rendered":"<p>Finition de plancher de bois franc \u00e0 Montr\u00e9al et environs Demander une soumission Services professionnels de finition de plancher Sablage de plancher de bois Nous utilisons des machines de pon\u00e7age de pointe ainsi que des m\u00e9thodes de r\u00e9novation traditionnelles pour redonner \u00e0 votre plancher de bois franc son \u00e9tat d&rsquo;origine. En savoir plus R\u00e9paration de [&hellip;]<\/p>\n","protected":false},"author":2,"featured_media":0,"parent":0,"menu_order":0,"comment_status":"closed","ping_status":"closed","template":"elementor_header_footer","meta":{"_acf_changed":false,"footnotes":""},"class_list":["post-1617","page","type-page","status-publish","hentry"],"acf":[],"yoast_head":"<!-- This site is optimized with the Yoast SEO plugin v27.4 - https:\/\/yoast.com\/product\/yoast-seo-wordpress\/ -->\n<title>Finition de Plancher de Bois | Montr\u00e9al | Planchers International<\/title>\n<meta name=\"description\" content=\"Nous offrons des services de finition de planchers de bois franc \u00e0 Montr\u00e9al et les environs. Contactez-nous pour un travail professionnel!\" \/>\n<meta name=\"robots\" content=\"index, follow, max-snippet:-1, max-image-preview:large, max-video-preview:-1\" \/>\n<link rel=\"canonical\" href=\"https:\/\/internationalfloors.ca\/fr\/finition-plancher\/\" \/>\n<meta property=\"og:locale\" content=\"fr_CA\" \/>\n<meta property=\"og:type\" content=\"article\" \/>\n<meta property=\"og:title\" content=\"Finition de Plancher de Bois | Montr\u00e9al | Planchers International\" \/>\n<meta property=\"og:description\" content=\"Nous offrons des services de finition de planchers de bois franc \u00e0 Montr\u00e9al et les environs. Contactez-nous pour un travail professionnel!\" \/>\n<meta property=\"og:url\" content=\"https:\/\/internationalfloors.ca\/fr\/finition-plancher\/\" \/>\n<meta property=\"og:site_name\" content=\"International Floors\" \/>\n<meta property=\"article:modified_time\" content=\"2023-10-31T12:07:28+00:00\" \/>\n<meta property=\"og:image\" content=\"https:\/\/internationalfloors.ca\/wp-content\/uploads\/floor-sanding.jpg\" \/>\n<meta name=\"twitter:card\" content=\"summary_large_image\" \/>\n<meta name=\"twitter:label1\" content=\"Estimation du temps de lecture\" \/>\n\t<meta name=\"twitter:data1\" content=\"8 minutes\" \/>\n<script type=\"application\/ld+json\" class=\"yoast-schema-graph\">{\"@context\":\"https:\\\/\\\/schema.org\",\"@graph\":[{\"@type\":\"WebPage\",\"@id\":\"https:\\\/\\\/internationalfloors.ca\\\/fr\\\/finition-plancher\\\/\",\"url\":\"https:\\\/\\\/internationalfloors.ca\\\/fr\\\/finition-plancher\\\/\",\"name\":\"Finition de Plancher de Bois | Montr\u00e9al | Planchers International\",\"isPartOf\":{\"@id\":\"https:\\\/\\\/internationalfloors.ca\\\/fr\\\/#website\"},\"primaryImageOfPage\":{\"@id\":\"https:\\\/\\\/internationalfloors.ca\\\/fr\\\/finition-plancher\\\/#primaryimage\"},\"image\":{\"@id\":\"https:\\\/\\\/internationalfloors.ca\\\/fr\\\/finition-plancher\\\/#primaryimage\"},\"thumbnailUrl\":\"https:\\\/\\\/internationalfloors.ca\\\/wp-content\\\/uploads\\\/floor-sanding.jpg\",\"datePublished\":\"2023-09-22T12:04:43+00:00\",\"dateModified\":\"2023-10-31T12:07:28+00:00\",\"description\":\"Nous offrons des services de finition de planchers de bois franc \u00e0 Montr\u00e9al et les environs. Contactez-nous pour un travail professionnel!\",\"breadcrumb\":{\"@id\":\"https:\\\/\\\/internationalfloors.ca\\\/fr\\\/finition-plancher\\\/#breadcrumb\"},\"inLanguage\":\"fr-CA\",\"potentialAction\":[{\"@type\":\"ReadAction\",\"target\":[\"https:\\\/\\\/internationalfloors.ca\\\/fr\\\/finition-plancher\\\/\"]}]},{\"@type\":\"ImageObject\",\"inLanguage\":\"fr-CA\",\"@id\":\"https:\\\/\\\/internationalfloors.ca\\\/fr\\\/finition-plancher\\\/#primaryimage\",\"url\":\"https:\\\/\\\/internationalfloors.ca\\\/wp-content\\\/uploads\\\/floor-sanding.jpg\",\"contentUrl\":\"https:\\\/\\\/internationalfloors.ca\\\/wp-content\\\/uploads\\\/floor-sanding.jpg\"},{\"@type\":\"BreadcrumbList\",\"@id\":\"https:\\\/\\\/internationalfloors.ca\\\/fr\\\/finition-plancher\\\/#breadcrumb\",\"itemListElement\":[{\"@type\":\"ListItem\",\"position\":1,\"name\":\"Home\",\"item\":\"https:\\\/\\\/internationalfloors.ca\\\/fr\\\/\"},{\"@type\":\"ListItem\",\"position\":2,\"name\":\"Planchers\"}]},{\"@type\":\"WebSite\",\"@id\":\"https:\\\/\\\/internationalfloors.ca\\\/fr\\\/#website\",\"url\":\"https:\\\/\\\/internationalfloors.ca\\\/fr\\\/\",\"name\":\"International Floors\",\"description\":\"\",\"potentialAction\":[{\"@type\":\"SearchAction\",\"target\":{\"@type\":\"EntryPoint\",\"urlTemplate\":\"https:\\\/\\\/internationalfloors.ca\\\/fr\\\/?s={search_term_string}\"},\"query-input\":{\"@type\":\"PropertyValueSpecification\",\"valueRequired\":true,\"valueName\":\"search_term_string\"}}],\"inLanguage\":\"fr-CA\"}]}<\/script>\n<!-- \/ Yoast SEO plugin. -->","yoast_head_json":{"title":"Finition de Plancher de Bois | Montr\u00e9al | Planchers International","description":"Nous offrons des services de finition de planchers de bois franc \u00e0 Montr\u00e9al et les environs. Contactez-nous pour un travail professionnel!","robots":{"index":"index","follow":"follow","max-snippet":"max-snippet:-1","max-image-preview":"max-image-preview:large","max-video-preview":"max-video-preview:-1"},"canonical":"https:\/\/internationalfloors.ca\/fr\/finition-plancher\/","og_locale":"fr_CA","og_type":"article","og_title":"Finition de Plancher de Bois | Montr\u00e9al | Planchers International","og_description":"Nous offrons des services de finition de planchers de bois franc \u00e0 Montr\u00e9al et les environs. Contactez-nous pour un travail professionnel!","og_url":"https:\/\/internationalfloors.ca\/fr\/finition-plancher\/","og_site_name":"International Floors","article_modified_time":"2023-10-31T12:07:28+00:00","og_image":[{"url":"https:\/\/internationalfloors.ca\/wp-content\/uploads\/floor-sanding.jpg","type":"","width":"","height":""}],"twitter_card":"summary_large_image","twitter_misc":{"Estimation du temps de lecture":"8 minutes"},"schema":{"@context":"https:\/\/schema.org","@graph":[{"@type":"WebPage","@id":"https:\/\/internationalfloors.ca\/fr\/finition-plancher\/","url":"https:\/\/internationalfloors.ca\/fr\/finition-plancher\/","name":"Finition de Plancher de Bois | Montr\u00e9al | Planchers International","isPartOf":{"@id":"https:\/\/internationalfloors.ca\/fr\/#website"},"primaryImageOfPage":{"@id":"https:\/\/internationalfloors.ca\/fr\/finition-plancher\/#primaryimage"},"image":{"@id":"https:\/\/internationalfloors.ca\/fr\/finition-plancher\/#primaryimage"},"thumbnailUrl":"https:\/\/internationalfloors.ca\/wp-content\/uploads\/floor-sanding.jpg","datePublished":"2023-09-22T12:04:43+00:00","dateModified":"2023-10-31T12:07:28+00:00","description":"Nous offrons des services de finition de planchers de bois franc \u00e0 Montr\u00e9al et les environs. Contactez-nous pour un travail professionnel!","breadcrumb":{"@id":"https:\/\/internationalfloors.ca\/fr\/finition-plancher\/#breadcrumb"},"inLanguage":"fr-CA","potentialAction":[{"@type":"ReadAction","target":["https:\/\/internationalfloors.ca\/fr\/finition-plancher\/"]}]},{"@type":"ImageObject","inLanguage":"fr-CA","@id":"https:\/\/internationalfloors.ca\/fr\/finition-plancher\/#primaryimage","url":"https:\/\/internationalfloors.ca\/wp-content\/uploads\/floor-sanding.jpg","contentUrl":"https:\/\/internationalfloors.ca\/wp-content\/uploads\/floor-sanding.jpg"},{"@type":"BreadcrumbList","@id":"https:\/\/internationalfloors.ca\/fr\/finition-plancher\/#breadcrumb","itemListElement":[{"@type":"ListItem","position":1,"name":"Home","item":"https:\/\/internationalfloors.ca\/fr\/"},{"@type":"ListItem","position":2,"name":"Planchers"}]},{"@type":"WebSite","@id":"https:\/\/internationalfloors.ca\/fr\/#website","url":"https:\/\/internationalfloors.ca\/fr\/","name":"International Floors","description":"","potentialAction":[{"@type":"SearchAction","target":{"@type":"EntryPoint","urlTemplate":"https:\/\/internationalfloors.ca\/fr\/?s={search_term_string}"},"query-input":{"@type":"PropertyValueSpecification","valueRequired":true,"valueName":"search_term_string"}}],"inLanguage":"fr-CA"}]}},"_links":{"self":[{"href":"https:\/\/internationalfloors.ca\/fr\/wp-json\/wp\/v2\/pages\/1617","targetHints":{"allow":["GET"]}}],"collection":[{"href":"https:\/\/internationalfloors.ca\/fr\/wp-json\/wp\/v2\/pages"}],"about":[{"href":"https:\/\/internationalfloors.ca\/fr\/wp-json\/wp\/v2\/types\/page"}],"author":[{"embeddable":true,"href":"https:\/\/internationalfloors.ca\/fr\/wp-json\/wp\/v2\/users\/2"}],"replies":[{"embeddable":true,"href":"https:\/\/internationalfloors.ca\/fr\/wp-json\/wp\/v2\/comments?post=1617"}],"version-history":[{"count":8,"href":"https:\/\/internationalfloors.ca\/fr\/wp-json\/wp\/v2\/pages\/1617\/revisions"}],"predecessor-version":[{"id":1671,"href":"https:\/\/internationalfloors.ca\/fr\/wp-json\/wp\/v2\/pages\/1617\/revisions\/1671"}],"wp:attachment":[{"href":"https:\/\/internationalfloors.ca\/fr\/wp-json\/wp\/v2\/media?parent=1617"}],"curies":[{"name":"wp","href":"https:\/\/api.w.org\/{rel}","templated":true}]}}